{"id":19832,"date":"2018-09-20T11:35:20","date_gmt":"2018-09-20T09:35:20","guid":{"rendered":"http:\/\/map.thegreenergood.fr\/?post_type=job_listing&#038;p=19832"},"modified":"2024-02-05T17:38:20","modified_gmt":"2024-02-05T16:38:20","slug":"monde-ethique","status":"publish","type":"job_listing","link":"https:\/\/map.thegreenergood.fr\/index.php\/acteurs\/monde-ethique\/","title":{"rendered":"Monde \u00e9thique"},"content":{"rendered":"<p><span id=\"docs-internal-guid-04c2ecc8-7fff-8f02-17f5-813926f3cd96\" style=\"font-size: 11pt; font-family: Arial; color: #000000; background-color: transparent; font-weight: 400; font-style: normal; font-variant: normal; text-decoration: none; vertical-align: baseline;\">Monde \u00e9thique est une boutique engag\u00e9e cr\u00e9\u00e9e par deux fr\u00e8res. Elle vous prouve que la mode \u00e9cologique est possible. Du bio \u00e0 l\u2019\u00e9thique en passant par les mat\u00e9riaux recycl\u00e9s ou upcycl\u00e9s ; vous aurez le choix entre v\u00eatements, accessoires, cosm\u00e9tiques&#8230; <\/span><\/p>\n<p><span id=\"docs-internal-guid-04c2ecc8-7fff-8f02-17f5-813926f3cd96\" style=\"font-size: 11pt; font-family: Arial; color: #000000; background-color: transparent; font-weight: 400; font-style: normal; font-variant: normal; text-decoration: none; vertical-align: baseline;\">Ce qui est s\u00fbr, c&rsquo;est que vous ne repartirez pas sans votre tote bag, \u00e9tant donn\u00e9 leur choix in\u00e9puisable de sacs en toile \u00e9quitable. <\/span><\/p>\n<p><span id=\"docs-internal-guid-04c2ecc8-7fff-8f02-17f5-813926f3cd96\" style=\"font-size: 11pt; font-family: Arial; color: #000000; background-color: transparent; font-weight: 400; font-style: normal; font-variant: normal; text-decoration: none; vertical-align: baseline;\">The Greenbrother\u2019s pourront vont expliquer leur vision de la mode et vous pr\u00e9senter Lucien, leur mascotte !<\/span><\/p>\n<p><span class=\"alignnone\"><img loading=\"lazy\" class=\"wp-image-19787 alignnone\" src=\"http:\/\/map.thegreenergood.fr\/wp-content\/uploads\/2015\/10\/LVED-min-300x300.jpeg\" alt=\"\" width=\"161\" height=\"161\" srcset=\"https:\/\/map.thegreenergood.fr\/wp-content\/uploads\/2015\/10\/LVED-min-300x300.jpeg 300w, https:\/\/map.thegreenergood.fr\/wp-content\/uploads\/2015\/10\/LVED-min-150x150.jpeg 150w, https:\/\/map.thegreenergood.fr\/wp-content\/uploads\/2015\/10\/LVED-min-100x100.jpeg 100w, https:\/\/map.thegreenergood.fr\/wp-content\/uploads\/2015\/10\/LVED-min.jpeg 390w\" sizes=\"(max-width: 161px) 100vw, 161px\" \/><\/span><\/p>\n","protected":false},"featured_media":19833,"comment_status":"closed","ping_status":"closed","template":"","meta":{"_exactmetrics_skip_tracking":false,"_exactmetrics_sitenote_active":false,"_exactmetrics_sitenote_note":"","_exactmetrics_sitenote_category":0,"spay_email":"","_company_tagline":"V\u00eatements & accessoires","_job_location":"6 Rue des Capucins 69001 Lyon","_company_website":"http:\/\/www.monde-ethique.fr","_company_twitter":"","_filled":0,"_featured":0,"jetpack_publicize_message":"","jetpack_is_tweetstorm":false,"jetpack_publicize_feature_enabled":true},"job_listing_region":[127,96,97],"job-categories":[116,66,124,30,63],"job-types":[],"job_listing_tag":[103,87,100,93],"jetpack_publicize_connections":[],"yoast_head":"<!-- This site is optimized with the Yoast SEO plugin v14.4.1 - https:\/\/yoast.com\/wordpress\/plugins\/seo\/ -->\n<title>Monde \u00e9thique - Boutique de marques engag\u00e9es - The Greener Map<\/title>\n<meta name=\"description\" content=\"Monde \u00e9thique - Boutique de v\u00eatements et accessoires pour homme et femme dans les pentes de la Croix-Rousse. D\u00e9couvrez une autre mani\u00e8re de vous habiller !\" \/>\n<meta name=\"robots\" content=\"index, follow\" \/>\n<meta name=\"googlebot\" content=\"index, follow, max-snippet:-1, max-image-preview:large, max-video-preview:-1\" \/>\n<meta name=\"bingbot\" content=\"index, follow, max-snippet:-1, max-image-preview:large, max-video-preview:-1\" \/>\n<link rel=\"canonical\" href=\"https:\/\/map.thegreenergood.fr\/index.php\/acteurs\/monde-ethique\/\" \/>\n<meta property=\"og:locale\" content=\"fr_FR\" \/>\n<meta property=\"og:type\" content=\"article\" \/>\n<meta property=\"og:title\" content=\"Monde \u00e9thique - Boutique de marques engag\u00e9es - The Greener Map\" \/>\n<meta property=\"og:description\" content=\"Monde \u00e9thique - Boutique de v\u00eatements et accessoires pour homme et femme dans les pentes de la Croix-Rousse. D\u00e9couvrez une autre mani\u00e8re de vous habiller !\" \/>\n<meta property=\"og:url\" content=\"https:\/\/map.thegreenergood.fr\/index.php\/acteurs\/monde-ethique\/\" \/>\n<meta property=\"og:site_name\" content=\"The Greener Map\" \/>\n<meta property=\"article:publisher\" content=\"https:\/\/www.facebook.com\/thegreenergoodFR\/\" \/>\n<meta property=\"article:modified_time\" content=\"2024-02-05T16:38:20+00:00\" \/>\n<meta property=\"og:image\" content=\"https:\/\/map.thegreenergood.fr\/wp-content\/uploads\/2018\/09\/Monde-\u00e9thique-de-Jeanne-F.jpg\" \/>\n\t<meta property=\"og:image:width\" content=\"1000\" \/>\n\t<meta property=\"og:image:height\" content=\"661\" \/>\n<meta name=\"twitter:card\" content=\"summary_large_image\" \/>\n<meta name=\"twitter:creator\" content=\"@TheGreenerGoodF\" \/>\n<meta name=\"twitter:site\" content=\"@TheGreenerGoodF\" \/>\n<script type=\"application\/ld+json\" class=\"yoast-schema-graph\">{\"@context\":\"https:\/\/schema.org\",\"@graph\":[{\"@type\":\"Organization\",\"@id\":\"https:\/\/map.thegreenergood.fr\/#organization\",\"name\":\"The Greener Good\",\"url\":\"https:\/\/map.thegreenergood.fr\/\",\"sameAs\":[\"https:\/\/www.facebook.com\/thegreenergoodFR\/\",\"https:\/\/www.instagram.com\/the_greener_good\/\",\"https:\/\/www.youtube.com\/channel\/UCHW2zAiIK5dMOJKqBSv3G4A\",\"https:\/\/twitter.com\/TheGreenerGoodF\"],\"logo\":{\"@type\":\"ImageObject\",\"@id\":\"https:\/\/map.thegreenergood.fr\/#logo\",\"inLanguage\":\"fr-FR\",\"url\":\"\",\"caption\":\"The Greener Good\"},\"image\":{\"@id\":\"https:\/\/map.thegreenergood.fr\/#logo\"}},{\"@type\":\"WebSite\",\"@id\":\"https:\/\/map.thegreenergood.fr\/#website\",\"url\":\"https:\/\/map.thegreenergood.fr\/\",\"name\":\"Guide Greener\",\"description\":\"Adresses \\u00e9coresponsables du Grand Lyon\",\"publisher\":{\"@id\":\"https:\/\/map.thegreenergood.fr\/#organization\"},\"potentialAction\":[{\"@type\":\"SearchAction\",\"target\":\"https:\/\/map.thegreenergood.fr\/?s={search_term_string}\",\"query-input\":\"required name=search_term_string\"}],\"inLanguage\":\"fr-FR\"},{\"@type\":\"ImageObject\",\"@id\":\"https:\/\/map.thegreenergood.fr\/index.php\/acteurs\/monde-ethique\/#primaryimage\",\"inLanguage\":\"fr-FR\",\"url\":\"https:\/\/map.thegreenergood.fr\/wp-content\/uploads\/2018\/09\/Monde-\\u00e9thique-de-Jeanne-F.jpg\",\"width\":1000,\"height\":661,\"caption\":\"Monde \\u00e9thique\"},{\"@type\":\"WebPage\",\"@id\":\"https:\/\/map.thegreenergood.fr\/index.php\/acteurs\/monde-ethique\/#webpage\",\"url\":\"https:\/\/map.thegreenergood.fr\/index.php\/acteurs\/monde-ethique\/\",\"name\":\"Monde \\u00e9thique - Boutique de marques engag\\u00e9es - The Greener Map\",\"isPartOf\":{\"@id\":\"https:\/\/map.thegreenergood.fr\/#website\"},\"primaryImageOfPage\":{\"@id\":\"https:\/\/map.thegreenergood.fr\/index.php\/acteurs\/monde-ethique\/#primaryimage\"},\"datePublished\":\"2018-09-20T09:35:20+00:00\",\"dateModified\":\"2024-02-05T16:38:20+00:00\",\"description\":\"Monde \\u00e9thique - Boutique de v\\u00eatements et accessoires pour homme et femme dans les pentes de la Croix-Rousse. D\\u00e9couvrez une autre mani\\u00e8re de vous habiller !\",\"inLanguage\":\"fr-FR\",\"potentialAction\":[{\"@type\":\"ReadAction\",\"target\":[\"https:\/\/map.thegreenergood.fr\/index.php\/acteurs\/monde-ethique\/\"]}]}]}<\/script>\n<!-- \/ Yoast SEO plugin. -->","jetpack_sharing_enabled":true,"_links":{"self":[{"href":"https:\/\/map.thegreenergood.fr\/index.php\/wp-json\/wp\/v2\/job-listings\/19832"}],"collection":[{"href":"https:\/\/map.thegreenergood.fr\/index.php\/wp-json\/wp\/v2\/job-listings"}],"about":[{"href":"https:\/\/map.thegreenergood.fr\/index.php\/wp-json\/wp\/v2\/types\/job_listing"}],"replies":[{"embeddable":true,"href":"https:\/\/map.thegreenergood.fr\/index.php\/wp-json\/wp\/v2\/comments?post=19832"}],"wp:featuredmedia":[{"embeddable":true,"href":"https:\/\/map.thegreenergood.fr\/index.php\/wp-json\/wp\/v2\/media\/19833"}],"wp:attachment":[{"href":"https:\/\/map.thegreenergood.fr\/index.php\/wp-json\/wp\/v2\/media?parent=19832"}],"wp:term":[{"taxonomy":"job_listing_region","embeddable":true,"href":"https:\/\/map.thegreenergood.fr\/index.php\/wp-json\/wp\/v2\/job_listing_region?post=19832"},{"taxonomy":"job_listing_category","embeddable":true,"href":"https:\/\/map.thegreenergood.fr\/index.php\/wp-json\/wp\/v2\/job-categories?post=19832"},{"taxonomy":"job_listing_type","embeddable":true,"href":"https:\/\/map.thegreenergood.fr\/index.php\/wp-json\/wp\/v2\/job-types?post=19832"},{"taxonomy":"job_listing_tag","embeddable":true,"href":"https:\/\/map.thegreenergood.fr\/index.php\/wp-json\/wp\/v2\/job_listing_tag?post=19832"}],"curies":[{"name":"wp","href":"https:\/\/api.w.org\/{rel}","templated":true}]}}