{"id":19841,"date":"2018-09-20T12:24:16","date_gmt":"2018-09-20T10:24:16","guid":{"rendered":"http:\/\/map.thegreenergood.fr\/?post_type=job_listing&#038;p=19841"},"modified":"2024-03-15T18:56:15","modified_gmt":"2024-03-15T17:56:15","slug":"ylle","status":"publish","type":"job_listing","link":"https:\/\/map.thegreenergood.fr\/index.php\/acteurs\/ylle\/","title":{"rendered":"Ylle"},"content":{"rendered":"<p>Ylle est une marque cr\u00e9\u00e9e par Ana\u00efs. Cette jeune savoyarde a tout ce qu\u2019il vous faut pour l\u2019automne et l\u2019hiver. Tous ses accessoires sont tricot\u00e9s avec de la laine recycl\u00e9e, par elle-m\u00eame.<\/p>\n<p>Toutefois, qui dit laine recycl\u00e9e ne dit pas mauvaise qualit\u00e9 ! Elle est d\u00e9tricot\u00e9e et lav\u00e9e avant d\u2019\u00eatre remise en pelote pour cr\u00e9er votre nouveau tricot pr\u00e9f\u00e9r\u00e9. Vous pouvez vous procurer ses mod\u00e8les en boutique et en ligne sur son site. Son produit phare, le bandeau, deviendra un must-have de votre garde-robe dont vous ne pourrez plus vous passer.<\/p>\n","protected":false},"featured_media":19844,"comment_status":"closed","ping_status":"closed","template":"","meta":{"_exactmetrics_skip_tracking":false,"_exactmetrics_sitenote_active":false,"_exactmetrics_sitenote_note":"","_exactmetrics_sitenote_category":0,"spay_email":"","_company_tagline":"Accessoires & d\u00e9co tricot\u00e9s \u00e0 la main","_job_location":"","_company_website":"http:\/\/ylle.fr","_company_twitter":"","_filled":0,"_featured":0,"jetpack_publicize_message":"","jetpack_is_tweetstorm":false,"jetpack_publicize_feature_enabled":true},"job_listing_region":[115],"job-categories":[124,63],"job-types":[],"job_listing_tag":[101,176,93],"jetpack_publicize_connections":[],"yoast_head":"<!-- This site is optimized with the Yoast SEO plugin v14.4.1 - https:\/\/yoast.com\/wordpress\/plugins\/seo\/ -->\n<title>Ylle - Produits en laine, fait main - The Greener Map<\/title>\n<meta name=\"description\" content=\"Ylle est une boutique physique et en ligne d&#039;accessoires de mode et d\u00e9co, r\u00e9alis\u00e9s \u00e0 la main, \u00e0 partir de laine recycl\u00e9e.\" \/>\n<meta name=\"robots\" content=\"index, follow\" \/>\n<meta name=\"googlebot\" content=\"index, follow, max-snippet:-1, max-image-preview:large, max-video-preview:-1\" \/>\n<meta name=\"bingbot\" content=\"index, follow, max-snippet:-1, max-image-preview:large, max-video-preview:-1\" \/>\n<link rel=\"canonical\" href=\"https:\/\/map.thegreenergood.fr\/index.php\/acteurs\/ylle\/\" \/>\n<meta property=\"og:locale\" content=\"fr_FR\" \/>\n<meta property=\"og:type\" content=\"article\" \/>\n<meta property=\"og:title\" content=\"Ylle - Produits en laine, fait main - The Greener Map\" \/>\n<meta property=\"og:description\" content=\"Ylle est une boutique physique et en ligne d&#039;accessoires de mode et d\u00e9co, r\u00e9alis\u00e9s \u00e0 la main, \u00e0 partir de laine recycl\u00e9e.\" \/>\n<meta property=\"og:url\" content=\"https:\/\/map.thegreenergood.fr\/index.php\/acteurs\/ylle\/\" \/>\n<meta property=\"og:site_name\" content=\"The Greener Map\" \/>\n<meta property=\"article:publisher\" content=\"https:\/\/www.facebook.com\/thegreenergoodFR\/\" \/>\n<meta property=\"article:modified_time\" content=\"2024-03-15T17:56:15+00:00\" \/>\n<meta property=\"og:image\" content=\"https:\/\/map.thegreenergood.fr\/wp-content\/uploads\/2018\/09\/ylle-chapeau.jpg\" \/>\n\t<meta property=\"og:image:width\" content=\"676\" \/>\n\t<meta property=\"og:image:height\" content=\"960\" \/>\n<meta name=\"twitter:card\" content=\"summary_large_image\" \/>\n<meta name=\"twitter:creator\" content=\"@TheGreenerGoodF\" \/>\n<meta name=\"twitter:site\" content=\"@TheGreenerGoodF\" \/>\n<script type=\"application\/ld+json\" class=\"yoast-schema-graph\">{\"@context\":\"https:\/\/schema.org\",\"@graph\":[{\"@type\":\"Organization\",\"@id\":\"https:\/\/map.thegreenergood.fr\/#organization\",\"name\":\"The Greener Good\",\"url\":\"https:\/\/map.thegreenergood.fr\/\",\"sameAs\":[\"https:\/\/www.facebook.com\/thegreenergoodFR\/\",\"https:\/\/www.instagram.com\/the_greener_good\/\",\"https:\/\/www.youtube.com\/channel\/UCHW2zAiIK5dMOJKqBSv3G4A\",\"https:\/\/twitter.com\/TheGreenerGoodF\"],\"logo\":{\"@type\":\"ImageObject\",\"@id\":\"https:\/\/map.thegreenergood.fr\/#logo\",\"inLanguage\":\"fr-FR\",\"url\":\"\",\"caption\":\"The Greener Good\"},\"image\":{\"@id\":\"https:\/\/map.thegreenergood.fr\/#logo\"}},{\"@type\":\"WebSite\",\"@id\":\"https:\/\/map.thegreenergood.fr\/#website\",\"url\":\"https:\/\/map.thegreenergood.fr\/\",\"name\":\"Guide Greener\",\"description\":\"Adresses \\u00e9coresponsables du Grand Lyon\",\"publisher\":{\"@id\":\"https:\/\/map.thegreenergood.fr\/#organization\"},\"potentialAction\":[{\"@type\":\"SearchAction\",\"target\":\"https:\/\/map.thegreenergood.fr\/?s={search_term_string}\",\"query-input\":\"required name=search_term_string\"}],\"inLanguage\":\"fr-FR\"},{\"@type\":\"ImageObject\",\"@id\":\"https:\/\/map.thegreenergood.fr\/index.php\/acteurs\/ylle\/#primaryimage\",\"inLanguage\":\"fr-FR\",\"url\":\"https:\/\/map.thegreenergood.fr\/wp-content\/uploads\/2018\/09\/ylle-chapeau.jpg\",\"width\":676,\"height\":960,\"caption\":\"Ylle\"},{\"@type\":\"WebPage\",\"@id\":\"https:\/\/map.thegreenergood.fr\/index.php\/acteurs\/ylle\/#webpage\",\"url\":\"https:\/\/map.thegreenergood.fr\/index.php\/acteurs\/ylle\/\",\"name\":\"Ylle - Produits en laine, fait main - The Greener Map\",\"isPartOf\":{\"@id\":\"https:\/\/map.thegreenergood.fr\/#website\"},\"primaryImageOfPage\":{\"@id\":\"https:\/\/map.thegreenergood.fr\/index.php\/acteurs\/ylle\/#primaryimage\"},\"datePublished\":\"2018-09-20T10:24:16+00:00\",\"dateModified\":\"2024-03-15T17:56:15+00:00\",\"description\":\"Ylle est une boutique physique et en ligne d'accessoires de mode et d\\u00e9co, r\\u00e9alis\\u00e9s \\u00e0 la main, \\u00e0 partir de laine recycl\\u00e9e.\",\"inLanguage\":\"fr-FR\",\"potentialAction\":[{\"@type\":\"ReadAction\",\"target\":[\"https:\/\/map.thegreenergood.fr\/index.php\/acteurs\/ylle\/\"]}]}]}<\/script>\n<!-- \/ Yoast SEO plugin. -->","jetpack_sharing_enabled":true,"_links":{"self":[{"href":"https:\/\/map.thegreenergood.fr\/index.php\/wp-json\/wp\/v2\/job-listings\/19841"}],"collection":[{"href":"https:\/\/map.thegreenergood.fr\/index.php\/wp-json\/wp\/v2\/job-listings"}],"about":[{"href":"https:\/\/map.thegreenergood.fr\/index.php\/wp-json\/wp\/v2\/types\/job_listing"}],"replies":[{"embeddable":true,"href":"https:\/\/map.thegreenergood.fr\/index.php\/wp-json\/wp\/v2\/comments?post=19841"}],"wp:featuredmedia":[{"embeddable":true,"href":"https:\/\/map.thegreenergood.fr\/index.php\/wp-json\/wp\/v2\/media\/19844"}],"wp:attachment":[{"href":"https:\/\/map.thegreenergood.fr\/index.php\/wp-json\/wp\/v2\/media?parent=19841"}],"wp:term":[{"taxonomy":"job_listing_region","embeddable":true,"href":"https:\/\/map.thegreenergood.fr\/index.php\/wp-json\/wp\/v2\/job_listing_region?post=19841"},{"taxonomy":"job_listing_category","embeddable":true,"href":"https:\/\/map.thegreenergood.fr\/index.php\/wp-json\/wp\/v2\/job-categories?post=19841"},{"taxonomy":"job_listing_type","embeddable":true,"href":"https:\/\/map.thegreenergood.fr\/index.php\/wp-json\/wp\/v2\/job-types?post=19841"},{"taxonomy":"job_listing_tag","embeddable":true,"href":"https:\/\/map.thegreenergood.fr\/index.php\/wp-json\/wp\/v2\/job_listing_tag?post=19841"}],"curies":[{"name":"wp","href":"https:\/\/api.w.org\/{rel}","templated":true}]}}