{"id":19857,"date":"2018-09-20T12:43:01","date_gmt":"2018-09-20T10:43:01","guid":{"rendered":"http:\/\/map.thegreenergood.fr\/?post_type=job_listing&#038;p=19857"},"modified":"2023-09-04T15:57:24","modified_gmt":"2023-09-04T13:57:24","slug":"laspid","status":"publish","type":"job_listing","link":"https:\/\/map.thegreenergood.fr\/index.php\/acteurs\/laspid\/","title":{"rendered":"Laspid"},"content":{"rendered":"<p>Chez Laspid, il y en a pour tous les go\u00fbts ! Du b\u00e9b\u00e9 au senior, vous trouverez le T-shirt, polo ou body fait pour vous.<\/p>\n<p>Le coton est bio et provient du commerce \u00e9quitable de Turquie, la confection se fait au Portugal et de mani\u00e8re \u00e9thique. L\u2019ensemble du processus de fabrication est r\u00e9alis\u00e9 dans un rayon de 3000 km autour de Lyon.<\/p>\n<p>Qu\u2019attendez vous pour d\u00e9goter le T-shirt parfait ?<\/p>\n","protected":false},"featured_media":19861,"comment_status":"closed","ping_status":"closed","template":"","meta":{"_exactmetrics_skip_tracking":false,"_exactmetrics_sitenote_active":false,"_exactmetrics_sitenote_note":"","_exactmetrics_sitenote_category":0,"spay_email":"","_company_tagline":"V\u00eatements bio et \u00e9co-responsables","_job_location":"3 Place du Griffon, 69001 Lyon","_company_website":"http:\/\/laspid.com","_company_twitter":"","_filled":0,"_featured":0,"jetpack_publicize_message":"","jetpack_is_tweetstorm":false,"jetpack_publicize_feature_enabled":true},"job_listing_region":[127,96,97],"job-categories":[30,63],"job-types":[],"job_listing_tag":[103,87,100],"jetpack_publicize_connections":[],"yoast_head":"<!-- This site is optimized with the Yoast SEO plugin v14.4.1 - https:\/\/yoast.com\/wordpress\/plugins\/seo\/ -->\n<title>Laspid - V\u00eatements bio &amp; \u00e9co-responsables - The Greener Map<\/title>\n<meta name=\"description\" content=\"Laspid, ce sont des v\u00eatements et accessoires bio et \u00e9coresponsables. Possibilit\u00e9 de personnaliser son tee-shirt avec le design de son choix !\" \/>\n<meta name=\"robots\" content=\"index, follow\" \/>\n<meta name=\"googlebot\" content=\"index, follow, max-snippet:-1, max-image-preview:large, max-video-preview:-1\" \/>\n<meta name=\"bingbot\" content=\"index, follow, max-snippet:-1, max-image-preview:large, max-video-preview:-1\" \/>\n<link rel=\"canonical\" href=\"https:\/\/map.thegreenergood.fr\/index.php\/acteurs\/laspid\/\" \/>\n<meta property=\"og:locale\" content=\"fr_FR\" \/>\n<meta property=\"og:type\" content=\"article\" \/>\n<meta property=\"og:title\" content=\"Laspid - V\u00eatements bio &amp; \u00e9co-responsables - The Greener Map\" \/>\n<meta property=\"og:description\" content=\"Laspid, ce sont des v\u00eatements et accessoires bio et \u00e9coresponsables. Possibilit\u00e9 de personnaliser son tee-shirt avec le design de son choix !\" \/>\n<meta property=\"og:url\" content=\"https:\/\/map.thegreenergood.fr\/index.php\/acteurs\/laspid\/\" \/>\n<meta property=\"og:site_name\" content=\"The Greener Map\" \/>\n<meta property=\"article:publisher\" content=\"https:\/\/www.facebook.com\/thegreenergoodFR\/\" \/>\n<meta property=\"article:modified_time\" content=\"2023-09-04T13:57:24+00:00\" \/>\n<meta property=\"og:image\" content=\"https:\/\/map.thegreenergood.fr\/wp-content\/uploads\/2018\/09\/Laspid-par-S\u00e9bastien-D.jpg\" \/>\n\t<meta property=\"og:image:width\" content=\"1000\" \/>\n\t<meta property=\"og:image:height\" content=\"669\" \/>\n<meta name=\"twitter:card\" content=\"summary_large_image\" \/>\n<meta name=\"twitter:creator\" content=\"@TheGreenerGoodF\" \/>\n<meta name=\"twitter:site\" content=\"@TheGreenerGoodF\" \/>\n<script type=\"application\/ld+json\" class=\"yoast-schema-graph\">{\"@context\":\"https:\/\/schema.org\",\"@graph\":[{\"@type\":\"Organization\",\"@id\":\"https:\/\/map.thegreenergood.fr\/#organization\",\"name\":\"The Greener Good\",\"url\":\"https:\/\/map.thegreenergood.fr\/\",\"sameAs\":[\"https:\/\/www.facebook.com\/thegreenergoodFR\/\",\"https:\/\/www.instagram.com\/the_greener_good\/\",\"https:\/\/www.youtube.com\/channel\/UCHW2zAiIK5dMOJKqBSv3G4A\",\"https:\/\/twitter.com\/TheGreenerGoodF\"],\"logo\":{\"@type\":\"ImageObject\",\"@id\":\"https:\/\/map.thegreenergood.fr\/#logo\",\"inLanguage\":\"fr-FR\",\"url\":\"\",\"caption\":\"The Greener Good\"},\"image\":{\"@id\":\"https:\/\/map.thegreenergood.fr\/#logo\"}},{\"@type\":\"WebSite\",\"@id\":\"https:\/\/map.thegreenergood.fr\/#website\",\"url\":\"https:\/\/map.thegreenergood.fr\/\",\"name\":\"Guide Greener\",\"description\":\"Adresses \\u00e9coresponsables du Grand Lyon\",\"publisher\":{\"@id\":\"https:\/\/map.thegreenergood.fr\/#organization\"},\"potentialAction\":[{\"@type\":\"SearchAction\",\"target\":\"https:\/\/map.thegreenergood.fr\/?s={search_term_string}\",\"query-input\":\"required name=search_term_string\"}],\"inLanguage\":\"fr-FR\"},{\"@type\":\"ImageObject\",\"@id\":\"https:\/\/map.thegreenergood.fr\/index.php\/acteurs\/laspid\/#primaryimage\",\"inLanguage\":\"fr-FR\",\"url\":\"https:\/\/map.thegreenergood.fr\/wp-content\/uploads\/2018\/09\/Laspid-par-S\\u00e9bastien-D.jpg\",\"width\":1000,\"height\":669,\"caption\":\"Laspid\"},{\"@type\":\"WebPage\",\"@id\":\"https:\/\/map.thegreenergood.fr\/index.php\/acteurs\/laspid\/#webpage\",\"url\":\"https:\/\/map.thegreenergood.fr\/index.php\/acteurs\/laspid\/\",\"name\":\"Laspid - V\\u00eatements bio & \\u00e9co-responsables - The Greener Map\",\"isPartOf\":{\"@id\":\"https:\/\/map.thegreenergood.fr\/#website\"},\"primaryImageOfPage\":{\"@id\":\"https:\/\/map.thegreenergood.fr\/index.php\/acteurs\/laspid\/#primaryimage\"},\"datePublished\":\"2018-09-20T10:43:01+00:00\",\"dateModified\":\"2023-09-04T13:57:24+00:00\",\"description\":\"Laspid, ce sont des v\\u00eatements et accessoires bio et \\u00e9coresponsables. Possibilit\\u00e9 de personnaliser son tee-shirt avec le design de son choix !\",\"inLanguage\":\"fr-FR\",\"potentialAction\":[{\"@type\":\"ReadAction\",\"target\":[\"https:\/\/map.thegreenergood.fr\/index.php\/acteurs\/laspid\/\"]}]}]}<\/script>\n<!-- \/ Yoast SEO plugin. -->","jetpack_sharing_enabled":true,"_links":{"self":[{"href":"https:\/\/map.thegreenergood.fr\/index.php\/wp-json\/wp\/v2\/job-listings\/19857"}],"collection":[{"href":"https:\/\/map.thegreenergood.fr\/index.php\/wp-json\/wp\/v2\/job-listings"}],"about":[{"href":"https:\/\/map.thegreenergood.fr\/index.php\/wp-json\/wp\/v2\/types\/job_listing"}],"replies":[{"embeddable":true,"href":"https:\/\/map.thegreenergood.fr\/index.php\/wp-json\/wp\/v2\/comments?post=19857"}],"wp:featuredmedia":[{"embeddable":true,"href":"https:\/\/map.thegreenergood.fr\/index.php\/wp-json\/wp\/v2\/media\/19861"}],"wp:attachment":[{"href":"https:\/\/map.thegreenergood.fr\/index.php\/wp-json\/wp\/v2\/media?parent=19857"}],"wp:term":[{"taxonomy":"job_listing_region","embeddable":true,"href":"https:\/\/map.thegreenergood.fr\/index.php\/wp-json\/wp\/v2\/job_listing_region?post=19857"},{"taxonomy":"job_listing_category","embeddable":true,"href":"https:\/\/map.thegreenergood.fr\/index.php\/wp-json\/wp\/v2\/job-categories?post=19857"},{"taxonomy":"job_listing_type","embeddable":true,"href":"https:\/\/map.thegreenergood.fr\/index.php\/wp-json\/wp\/v2\/job-types?post=19857"},{"taxonomy":"job_listing_tag","embeddable":true,"href":"https:\/\/map.thegreenergood.fr\/index.php\/wp-json\/wp\/v2\/job_listing_tag?post=19857"}],"curies":[{"name":"wp","href":"https:\/\/api.w.org\/{rel}","templated":true}]}}