{"id":21709,"date":"2020-02-10T22:41:01","date_gmt":"2020-02-10T21:41:01","guid":{"rendered":"https:\/\/map.thegreenergood.fr\/index.php\/acteurs\/11-rue-des-rosieristes-69410-champagne-au-mont-dor-sas-td-biodis\/"},"modified":"2024-06-12T20:55:47","modified_gmt":"2024-06-12T18:55:47","slug":"satoriz-mont-dor","status":"publish","type":"job_listing","link":"https:\/\/map.thegreenergood.fr\/index.php\/acteurs\/satoriz-mont-dor\/","title":{"rendered":"SATORIZ MONT D&rsquo;OR"},"content":{"rendered":"<p>Magasin de produits biologiques \u00e0 Lyon. Sur + 400m2, retrouvez plus de 6000 r\u00e9f\u00e9rences bio (Fruits et l\u00e9gumes, produits frais, vrac, \u00e9picerie, cosm\u00e9tiques).<\/p>\n<p><span class=\"alignnone\"><img loading=\"lazy\" class=\"alignnone wp-image-19787\" src=\"https:\/\/map.thegreenergood.fr\/wp-content\/uploads\/2015\/10\/LVED-min-300x300.jpeg\" alt=\"Label LVED - Lyon Ville \u00c9quitable et Durable\" width=\"128\" height=\"128\" srcset=\"https:\/\/map.thegreenergood.fr\/wp-content\/uploads\/2015\/10\/LVED-min-300x300.jpeg 300w, https:\/\/map.thegreenergood.fr\/wp-content\/uploads\/2015\/10\/LVED-min-150x150.jpeg 150w, https:\/\/map.thegreenergood.fr\/wp-content\/uploads\/2015\/10\/LVED-min-100x100.jpeg 100w, https:\/\/map.thegreenergood.fr\/wp-content\/uploads\/2015\/10\/LVED-min.jpeg 390w\" sizes=\"(max-width: 128px) 100vw, 128px\" \/><\/span><\/p>\n<p>&nbsp;<\/p>\n","protected":false},"featured_media":0,"comment_status":"closed","ping_status":"closed","template":"","meta":{"_exactmetrics_skip_tracking":false,"_exactmetrics_sitenote_active":false,"_exactmetrics_sitenote_note":"","_exactmetrics_sitenote_category":0,"spay_email":"","_company_tagline":"LE BIO POUR TOUS","_job_location":"11 rue des rosi\u00e9ristes 69410 Champagne-au-Mont-d'Or","_company_website":"https:\/\/satoriz.fr\/","_company_twitter":"https:\/\/twitter.com\/satoriz_montdor","_filled":0,"_featured":0,"jetpack_publicize_message":"","jetpack_is_tweetstorm":false,"jetpack_publicize_feature_enabled":true},"job_listing_region":[144,127],"job-categories":[46,126,44,122,64],"job-types":[],"job_listing_tag":[87,100,91],"jetpack_publicize_connections":[],"yoast_head":"<!-- This site is optimized with the Yoast SEO plugin v14.4.1 - https:\/\/yoast.com\/wordpress\/plugins\/seo\/ -->\n<title>Satoriz Mont d&#039;Or - Le bio pour tous ! - The Greener Map<\/title>\n<meta name=\"description\" content=\"Satoriz Mont d&#039;Or est un magasin de produits biologiques. Retrouvez plus de 6000 r\u00e9f\u00e9rences bio : fruits et l\u00e9gumes, produits frais, vrac, cosm\u00e9tiques...\" \/>\n<meta name=\"robots\" content=\"index, follow\" \/>\n<meta name=\"googlebot\" content=\"index, follow, max-snippet:-1, max-image-preview:large, max-video-preview:-1\" \/>\n<meta name=\"bingbot\" content=\"index, follow, max-snippet:-1, max-image-preview:large, max-video-preview:-1\" \/>\n<link rel=\"canonical\" href=\"https:\/\/map.thegreenergood.fr\/index.php\/acteurs\/satoriz-mont-dor\/\" \/>\n<meta property=\"og:locale\" content=\"fr_FR\" \/>\n<meta property=\"og:type\" content=\"article\" \/>\n<meta property=\"og:title\" content=\"Satoriz Mont d&#039;Or - Le bio pour tous ! - The Greener Map\" \/>\n<meta property=\"og:description\" content=\"Satoriz Mont d&#039;Or est un magasin de produits biologiques. Retrouvez plus de 6000 r\u00e9f\u00e9rences bio : fruits et l\u00e9gumes, produits frais, vrac, cosm\u00e9tiques...\" \/>\n<meta property=\"og:url\" content=\"https:\/\/map.thegreenergood.fr\/index.php\/acteurs\/satoriz-mont-dor\/\" \/>\n<meta property=\"og:site_name\" content=\"The Greener Map\" \/>\n<meta property=\"article:publisher\" content=\"https:\/\/www.facebook.com\/thegreenergoodFR\/\" \/>\n<meta property=\"article:modified_time\" content=\"2024-06-12T18:55:47+00:00\" \/>\n<meta property=\"og:image\" content=\"https:\/\/map.thegreenergood.fr\/wp-content\/uploads\/2020\/02\/73713220_10157850580147049_4693296663408672768_o.jpg\" \/>\n\t<meta property=\"og:image:width\" content=\"960\" \/>\n\t<meta property=\"og:image:height\" content=\"540\" \/>\n<meta name=\"twitter:card\" content=\"summary_large_image\" \/>\n<meta name=\"twitter:image\" content=\"https:\/\/map.thegreenergood.fr\/wp-content\/uploads\/2020\/02\/73713220_10157850580147049_4693296663408672768_o.jpg\" \/>\n<meta name=\"twitter:creator\" content=\"@TheGreenerGoodF\" \/>\n<meta name=\"twitter:site\" content=\"@TheGreenerGoodF\" \/>\n<script type=\"application\/ld+json\" class=\"yoast-schema-graph\">{\"@context\":\"https:\/\/schema.org\",\"@graph\":[{\"@type\":\"Organization\",\"@id\":\"https:\/\/map.thegreenergood.fr\/#organization\",\"name\":\"The Greener Good\",\"url\":\"https:\/\/map.thegreenergood.fr\/\",\"sameAs\":[\"https:\/\/www.facebook.com\/thegreenergoodFR\/\",\"https:\/\/www.instagram.com\/the_greener_good\/\",\"https:\/\/www.youtube.com\/channel\/UCHW2zAiIK5dMOJKqBSv3G4A\",\"https:\/\/twitter.com\/TheGreenerGoodF\"],\"logo\":{\"@type\":\"ImageObject\",\"@id\":\"https:\/\/map.thegreenergood.fr\/#logo\",\"inLanguage\":\"fr-FR\",\"url\":\"\",\"caption\":\"The Greener Good\"},\"image\":{\"@id\":\"https:\/\/map.thegreenergood.fr\/#logo\"}},{\"@type\":\"WebSite\",\"@id\":\"https:\/\/map.thegreenergood.fr\/#website\",\"url\":\"https:\/\/map.thegreenergood.fr\/\",\"name\":\"Guide Greener\",\"description\":\"Adresses \\u00e9coresponsables du Grand Lyon\",\"publisher\":{\"@id\":\"https:\/\/map.thegreenergood.fr\/#organization\"},\"potentialAction\":[{\"@type\":\"SearchAction\",\"target\":\"https:\/\/map.thegreenergood.fr\/?s={search_term_string}\",\"query-input\":\"required name=search_term_string\"}],\"inLanguage\":\"fr-FR\"},{\"@type\":\"ImageObject\",\"@id\":\"https:\/\/map.thegreenergood.fr\/index.php\/acteurs\/satoriz-mont-dor\/#primaryimage\",\"inLanguage\":\"fr-FR\",\"url\":\"https:\/\/map.thegreenergood.fr\/wp-content\/uploads\/2015\/10\/LVED-min.jpeg\",\"width\":390,\"height\":390,\"caption\":\"Label LVED - Lyon Ville \\u00c9quitable et Durable\"},{\"@type\":\"WebPage\",\"@id\":\"https:\/\/map.thegreenergood.fr\/index.php\/acteurs\/satoriz-mont-dor\/#webpage\",\"url\":\"https:\/\/map.thegreenergood.fr\/index.php\/acteurs\/satoriz-mont-dor\/\",\"name\":\"Satoriz Mont d'Or - Le bio pour tous ! - The Greener Map\",\"isPartOf\":{\"@id\":\"https:\/\/map.thegreenergood.fr\/#website\"},\"primaryImageOfPage\":{\"@id\":\"https:\/\/map.thegreenergood.fr\/index.php\/acteurs\/satoriz-mont-dor\/#primaryimage\"},\"datePublished\":\"2020-02-10T21:41:01+00:00\",\"dateModified\":\"2024-06-12T18:55:47+00:00\",\"description\":\"Satoriz Mont d'Or est un magasin de produits biologiques. Retrouvez plus de 6000 r\\u00e9f\\u00e9rences bio : fruits et l\\u00e9gumes, produits frais, vrac, cosm\\u00e9tiques...\",\"inLanguage\":\"fr-FR\",\"potentialAction\":[{\"@type\":\"ReadAction\",\"target\":[\"https:\/\/map.thegreenergood.fr\/index.php\/acteurs\/satoriz-mont-dor\/\"]}]}]}<\/script>\n<!-- \/ Yoast SEO plugin. -->","jetpack_sharing_enabled":true,"_links":{"self":[{"href":"https:\/\/map.thegreenergood.fr\/index.php\/wp-json\/wp\/v2\/job-listings\/21709"}],"collection":[{"href":"https:\/\/map.thegreenergood.fr\/index.php\/wp-json\/wp\/v2\/job-listings"}],"about":[{"href":"https:\/\/map.thegreenergood.fr\/index.php\/wp-json\/wp\/v2\/types\/job_listing"}],"replies":[{"embeddable":true,"href":"https:\/\/map.thegreenergood.fr\/index.php\/wp-json\/wp\/v2\/comments?post=21709"}],"wp:attachment":[{"href":"https:\/\/map.thegreenergood.fr\/index.php\/wp-json\/wp\/v2\/media?parent=21709"}],"wp:term":[{"taxonomy":"job_listing_region","embeddable":true,"href":"https:\/\/map.thegreenergood.fr\/index.php\/wp-json\/wp\/v2\/job_listing_region?post=21709"},{"taxonomy":"job_listing_category","embeddable":true,"href":"https:\/\/map.thegreenergood.fr\/index.php\/wp-json\/wp\/v2\/job-categories?post=21709"},{"taxonomy":"job_listing_type","embeddable":true,"href":"https:\/\/map.thegreenergood.fr\/index.php\/wp-json\/wp\/v2\/job-types?post=21709"},{"taxonomy":"job_listing_tag","embeddable":true,"href":"https:\/\/map.thegreenergood.fr\/index.php\/wp-json\/wp\/v2\/job_listing_tag?post=21709"}],"curies":[{"name":"wp","href":"https:\/\/api.w.org\/{rel}","templated":true}]}}