{"id":21956,"date":"2020-05-04T23:51:20","date_gmt":"2020-05-04T21:51:20","guid":{"rendered":"https:\/\/map.thegreenergood.fr\/index.php\/acteurs\/9-rue-marcel-gabriel-riviere-boutique-grand-hotel-dieu-ecocentric\/"},"modified":"2024-04-26T10:40:33","modified_gmt":"2024-04-26T08:40:33","slug":"ecocentric","status":"publish","type":"job_listing","link":"https:\/\/map.thegreenergood.fr\/index.php\/acteurs\/ecocentric\/","title":{"rendered":"Ecocentric"},"content":{"rendered":"<p><a href=\"https:\/\/www.ecocentric.fr\/\"><strong>Ecocentric<\/strong><\/a> est un <a href=\"https:\/\/www.ecocentric.fr\/pages\/18\/magasin-cosmetique-bio-lyon-centre-ecocentric\">magasin de cosm\u00e9tiques bio et naturels \u00e0 Lyon<\/a>.<\/p>\n<p>Au Grand H\u00f4tel-Dieu, retrouvez une s\u00e9lection exclusive de marques de beaut\u00e9 clean; de maquillage vegan et min\u00e9ral; de soins naturels pour les cheveux ou de produits de beaut\u00e9 0 d\u00e9chet.<\/p>\n<p>Des produits de soin certifi\u00e9s \u00e0 l&rsquo;efficacit\u00e9 prouv\u00e9e et de qualit\u00e9 comme les <a href=\"https:\/\/www.instagram.com\/ecocentric\/\">produits Dr. Hauschka<\/a>, Antipodes et REN; les produits de beaut\u00e9 naturels pour peau sensible PAI, les vernis \u00e0 ongles Kure Bazaar,;le <a href=\"https:\/\/www.ecocentric.fr\/s\/F8853_lily-lolo\">maquillage Lily Lolo<\/a>, ILIA et RMS; la cosm\u00e9tique made in France de Patyka et d&rsquo;Absolution; ou les soins anti-\u00e2ge <a href=\"https:\/\/www.ecocentric.fr\/s\/F7343_tata-harper\">Tata Harper<\/a> et Susanne Kaufmann. Le paradis pour les adeptes de cosm\u00e9tique naturelle et de beaut\u00e9 green !<\/p>\n<p>C\u00f4t\u00e9 conseil, une \u00e9quipe d&rsquo;esth\u00e9ticiennes expertes et passionn\u00e9es sont l\u00e0 pour nous conseiller et nous aider \u00e0 trouver des solutions naturelles pour sublimer notre beaut\u00e9. Ici on oublie les silicones, les parab\u00e8nes, les PEGS; et tous les ingr\u00e9dients qu&rsquo;on ne souhaite plus s&rsquo;appliquer sur la peau. Et on adopte une routine de beaut\u00e9 bio et clean pour sa peau, sa chevelure et son make-up.<\/p>\n","protected":false},"featured_media":0,"comment_status":"open","ping_status":"closed","template":"","meta":{"_exactmetrics_skip_tracking":false,"_exactmetrics_sitenote_active":false,"_exactmetrics_sitenote_note":"","_exactmetrics_sitenote_category":0,"spay_email":"","_company_tagline":"Beaut\u00e9 naturelle nouvelle g\u00e9n\u00e9ration","_job_location":"9 rue Marcel-Gabriel Rivi\u00e8re, Boutique Grand Hotel Dieu, 69002 Lyon","_company_website":"https:\/\/www.ecocentric.fr\/","_company_twitter":"","_filled":0,"_featured":0,"jetpack_publicize_message":"","jetpack_is_tweetstorm":false,"jetpack_publicize_feature_enabled":true},"job_listing_region":[115,127,96,105],"job-categories":[41,44],"job-types":[],"job_listing_tag":[87,100,90,92],"jetpack_publicize_connections":[],"yoast_head":"<!-- This site is optimized with the Yoast SEO plugin v14.4.1 - https:\/\/yoast.com\/wordpress\/plugins\/seo\/ -->\n<title>Ecocentric - Beaut\u00e9 naturelle nouvelle g\u00e9n\u00e9ration - The Greener Map<\/title>\n<meta name=\"description\" content=\"Ecocentric est un magasin de cosm\u00e9tiques bio et naturels \u00e0 Lyon : marques de beaut\u00e9 clean, maquillage vegan et min\u00e9ral...\" \/>\n<meta name=\"robots\" content=\"index, follow\" \/>\n<meta name=\"googlebot\" content=\"index, follow, max-snippet:-1, max-image-preview:large, max-video-preview:-1\" \/>\n<meta name=\"bingbot\" content=\"index, follow, max-snippet:-1, max-image-preview:large, max-video-preview:-1\" \/>\n<link rel=\"canonical\" href=\"https:\/\/map.thegreenergood.fr\/index.php\/acteurs\/ecocentric\/\" \/>\n<meta property=\"og:locale\" content=\"fr_FR\" \/>\n<meta property=\"og:type\" content=\"article\" \/>\n<meta property=\"og:title\" content=\"Ecocentric - Beaut\u00e9 naturelle nouvelle g\u00e9n\u00e9ration - The Greener Map\" \/>\n<meta property=\"og:description\" content=\"Ecocentric est un magasin de cosm\u00e9tiques bio et naturels \u00e0 Lyon : marques de beaut\u00e9 clean, maquillage vegan et min\u00e9ral...\" \/>\n<meta property=\"og:url\" content=\"https:\/\/map.thegreenergood.fr\/index.php\/acteurs\/ecocentric\/\" \/>\n<meta property=\"og:site_name\" content=\"The Greener Map\" \/>\n<meta property=\"article:publisher\" content=\"https:\/\/www.facebook.com\/thegreenergoodFR\/\" \/>\n<meta property=\"article:modified_time\" content=\"2024-04-26T08:40:33+00:00\" \/>\n<meta property=\"og:image\" content=\"https:\/\/map.thegreenergood.fr\/wp-content\/uploads\/2020\/05\/Ecocentric-1.jpg\" \/>\n<meta name=\"twitter:card\" content=\"summary_large_image\" \/>\n<meta name=\"twitter:image\" content=\"https:\/\/map.thegreenergood.fr\/wp-content\/uploads\/2020\/05\/Ecocentric-1.jpg\" \/>\n<meta name=\"twitter:creator\" content=\"@TheGreenerGoodF\" \/>\n<meta name=\"twitter:site\" content=\"@TheGreenerGoodF\" \/>\n<script type=\"application\/ld+json\" class=\"yoast-schema-graph\">{\"@context\":\"https:\/\/schema.org\",\"@graph\":[{\"@type\":\"Organization\",\"@id\":\"https:\/\/map.thegreenergood.fr\/#organization\",\"name\":\"The Greener Good\",\"url\":\"https:\/\/map.thegreenergood.fr\/\",\"sameAs\":[\"https:\/\/www.facebook.com\/thegreenergoodFR\/\",\"https:\/\/www.instagram.com\/the_greener_good\/\",\"https:\/\/www.youtube.com\/channel\/UCHW2zAiIK5dMOJKqBSv3G4A\",\"https:\/\/twitter.com\/TheGreenerGoodF\"],\"logo\":{\"@type\":\"ImageObject\",\"@id\":\"https:\/\/map.thegreenergood.fr\/#logo\",\"inLanguage\":\"fr-FR\",\"url\":\"\",\"caption\":\"The Greener Good\"},\"image\":{\"@id\":\"https:\/\/map.thegreenergood.fr\/#logo\"}},{\"@type\":\"WebSite\",\"@id\":\"https:\/\/map.thegreenergood.fr\/#website\",\"url\":\"https:\/\/map.thegreenergood.fr\/\",\"name\":\"Guide Greener\",\"description\":\"Adresses \\u00e9coresponsables du Grand Lyon\",\"publisher\":{\"@id\":\"https:\/\/map.thegreenergood.fr\/#organization\"},\"potentialAction\":[{\"@type\":\"SearchAction\",\"target\":\"https:\/\/map.thegreenergood.fr\/?s={search_term_string}\",\"query-input\":\"required name=search_term_string\"}],\"inLanguage\":\"fr-FR\"},{\"@type\":\"WebPage\",\"@id\":\"https:\/\/map.thegreenergood.fr\/index.php\/acteurs\/ecocentric\/#webpage\",\"url\":\"https:\/\/map.thegreenergood.fr\/index.php\/acteurs\/ecocentric\/\",\"name\":\"Ecocentric - Beaut\\u00e9 naturelle nouvelle g\\u00e9n\\u00e9ration - The Greener Map\",\"isPartOf\":{\"@id\":\"https:\/\/map.thegreenergood.fr\/#website\"},\"datePublished\":\"2020-05-04T21:51:20+00:00\",\"dateModified\":\"2024-04-26T08:40:33+00:00\",\"description\":\"Ecocentric est un magasin de cosm\\u00e9tiques bio et naturels \\u00e0 Lyon : marques de beaut\\u00e9 clean, maquillage vegan et min\\u00e9ral...\",\"inLanguage\":\"fr-FR\",\"potentialAction\":[{\"@type\":\"ReadAction\",\"target\":[\"https:\/\/map.thegreenergood.fr\/index.php\/acteurs\/ecocentric\/\"]}]}]}<\/script>\n<!-- \/ Yoast SEO plugin. -->","jetpack_sharing_enabled":true,"_links":{"self":[{"href":"https:\/\/map.thegreenergood.fr\/index.php\/wp-json\/wp\/v2\/job-listings\/21956"}],"collection":[{"href":"https:\/\/map.thegreenergood.fr\/index.php\/wp-json\/wp\/v2\/job-listings"}],"about":[{"href":"https:\/\/map.thegreenergood.fr\/index.php\/wp-json\/wp\/v2\/types\/job_listing"}],"replies":[{"embeddable":true,"href":"https:\/\/map.thegreenergood.fr\/index.php\/wp-json\/wp\/v2\/comments?post=21956"}],"wp:attachment":[{"href":"https:\/\/map.thegreenergood.fr\/index.php\/wp-json\/wp\/v2\/media?parent=21956"}],"wp:term":[{"taxonomy":"job_listing_region","embeddable":true,"href":"https:\/\/map.thegreenergood.fr\/index.php\/wp-json\/wp\/v2\/job_listing_region?post=21956"},{"taxonomy":"job_listing_category","embeddable":true,"href":"https:\/\/map.thegreenergood.fr\/index.php\/wp-json\/wp\/v2\/job-categories?post=21956"},{"taxonomy":"job_listing_type","embeddable":true,"href":"https:\/\/map.thegreenergood.fr\/index.php\/wp-json\/wp\/v2\/job-types?post=21956"},{"taxonomy":"job_listing_tag","embeddable":true,"href":"https:\/\/map.thegreenergood.fr\/index.php\/wp-json\/wp\/v2\/job_listing_tag?post=21956"}],"curies":[{"name":"wp","href":"https:\/\/api.w.org\/{rel}","templated":true}]}}