{"id":22530,"date":"2020-12-09T21:20:36","date_gmt":"2020-12-09T20:20:36","guid":{"rendered":"https:\/\/map.thegreenergood.fr\/index.php\/acteurs\/24-rue-des-remparts-dainay-69002-lyon-selva\/"},"modified":"2025-01-03T15:21:34","modified_gmt":"2025-01-03T14:21:34","slug":"institut-selva","status":"publish","type":"job_listing","link":"https:\/\/map.thegreenergood.fr\/index.php\/acteurs\/institut-selva\/","title":{"rendered":"Institut Selva"},"content":{"rendered":"<p>Plongez au c\u0153ur d\u2019une nature simple et authentique. Au centre de la presqu\u2019\u00eele lyonnaise, ressourcez-vous dans un espace enti\u00e8rement d\u00e9di\u00e9 au bien-\u00eatre \u00e0 l\u2019\u00e9tat le plus pur.<br \/>\nNotre concept-store de 100m2 met \u00e0 votre disposition une s\u00e9lection qualitative de cosm\u00e9tiques bio, vegan et fabriqu\u00e9s en France dans un univers exceptionnel.<\/p>\n<p>L&rsquo;Institut Selva vous invite \u00e0 un voyage des sens en pleine nature \u00e0 travers une offre compl\u00e8te : cosm\u00e9tiques naturels, soins et ateliers de cr\u00e9ation.<\/p>\n<p>Soins du corps &amp; du visage bio, \u00e9pilation, modelage pour femme enceinte et b\u00e9b\u00e9 ou encore ateliers de cr\u00e9ation ! Nous vous accueillons du lundi au samedi dans une ambiance chaleureuse et ressour\u00e7ante. Nous prendrons plaisir \u00e0 vous faire d\u00e9couvrir notre univers et nos produits. Cela en vous d\u00e9voilant nos conseils professionnels pour r\u00e9v\u00e9ler et sublimer votre c\u00f4t\u00e9 sauvage.<\/p>\n<p>Tous les produits que nous vous proposons sont minutieusement s\u00e9lectionn\u00e9s. Dans l\u2019optique de pr\u00e9server aussi bien la nature que votre peau. Issus de l\u2019agriculture biologique et locale, nos cosm\u00e9tiques sont uniquement compos\u00e9s d\u2019ingr\u00e9dients naturels, dans le respect de l\u2019environnement, du d\u00e9veloppement durable et des animaux.<\/p>\n<p>Enfin, la plupart de nos produits sont propos\u00e9s sans emballages ou avec un syst\u00e8me de recharge. Afin de lutter contre le gaspillage et la production de d\u00e9chets. La majorit\u00e9 de nos produits sont certifi\u00e9s : slow cosm\u00e9tique, COSMOS ORGANIC, COSMEBIO.<\/p>\n<p>&nbsp;<\/p>\n","protected":false},"featured_media":0,"comment_status":"open","ping_status":"closed","template":"","meta":{"_exactmetrics_skip_tracking":false,"_exactmetrics_sitenote_active":false,"_exactmetrics_sitenote_note":"","_exactmetrics_sitenote_category":0,"spay_email":"","_company_tagline":"\u00ab SELVA c\u2019est la libert\u00e9, la nature, le retour aux sources \u00bb.","_job_location":"24 rue des remparts d'Ainay, 69002 Lyon","_company_website":"http:\/\/www.selva-store.fr","_company_twitter":"","_filled":0,"_featured":0,"jetpack_publicize_message":"","jetpack_is_tweetstorm":false,"jetpack_publicize_feature_enabled":true},"job_listing_region":[127,96,105],"job-categories":[41,44,121],"job-types":[],"job_listing_tag":[87,101,93,91,90,92],"jetpack_publicize_connections":[],"yoast_head":"<!-- This site is optimized with the Yoast SEO plugin v14.4.1 - https:\/\/yoast.com\/wordpress\/plugins\/seo\/ -->\n<title>Institut Selva - Concept-store hygi\u00e8ne et bien-\u00eatre - The Greener Map<\/title>\n<meta name=\"description\" content=\"Institut Selva vous invite \u00e0 un voyage des sens dans son concept-store \u00e0 travers une offre compl\u00e8te : cosm\u00e9tiques naturelles, soins et ateliers de cr\u00e9ation.\" \/>\n<meta name=\"robots\" content=\"index, follow\" \/>\n<meta name=\"googlebot\" content=\"index, follow, max-snippet:-1, max-image-preview:large, max-video-preview:-1\" \/>\n<meta name=\"bingbot\" content=\"index, follow, max-snippet:-1, max-image-preview:large, max-video-preview:-1\" \/>\n<link rel=\"canonical\" href=\"https:\/\/map.thegreenergood.fr\/index.php\/acteurs\/institut-selva\/\" \/>\n<meta property=\"og:locale\" content=\"fr_FR\" \/>\n<meta property=\"og:type\" content=\"article\" \/>\n<meta property=\"og:title\" content=\"Institut Selva - Concept-store hygi\u00e8ne et bien-\u00eatre - The Greener Map\" \/>\n<meta property=\"og:description\" content=\"Institut Selva vous invite \u00e0 un voyage des sens dans son concept-store \u00e0 travers une offre compl\u00e8te : cosm\u00e9tiques naturelles, soins et ateliers de cr\u00e9ation.\" \/>\n<meta property=\"og:url\" content=\"https:\/\/map.thegreenergood.fr\/index.php\/acteurs\/institut-selva\/\" \/>\n<meta property=\"og:site_name\" content=\"The Greener Map\" \/>\n<meta property=\"article:publisher\" content=\"https:\/\/www.facebook.com\/thegreenergoodFR\/\" \/>\n<meta property=\"article:modified_time\" content=\"2025-01-03T14:21:34+00:00\" \/>\n<meta property=\"og:image\" content=\"https:\/\/map.thegreenergood.fr\/wp-content\/uploads\/job-manager-uploads\/main_image\/2020\/12\/homeSelvaStore2x-1.jpg\" \/>\n<meta name=\"twitter:card\" content=\"summary_large_image\" \/>\n<meta name=\"twitter:image\" content=\"https:\/\/map.thegreenergood.fr\/wp-content\/uploads\/job-manager-uploads\/main_image\/2020\/12\/homeSelvaStore2x-1.jpg\" \/>\n<meta name=\"twitter:creator\" content=\"@TheGreenerGoodF\" \/>\n<meta name=\"twitter:site\" content=\"@TheGreenerGoodF\" \/>\n<script type=\"application\/ld+json\" class=\"yoast-schema-graph\">{\"@context\":\"https:\/\/schema.org\",\"@graph\":[{\"@type\":\"Organization\",\"@id\":\"https:\/\/map.thegreenergood.fr\/#organization\",\"name\":\"The Greener Good\",\"url\":\"https:\/\/map.thegreenergood.fr\/\",\"sameAs\":[\"https:\/\/www.facebook.com\/thegreenergoodFR\/\",\"https:\/\/www.instagram.com\/the_greener_good\/\",\"https:\/\/www.youtube.com\/channel\/UCHW2zAiIK5dMOJKqBSv3G4A\",\"https:\/\/twitter.com\/TheGreenerGoodF\"],\"logo\":{\"@type\":\"ImageObject\",\"@id\":\"https:\/\/map.thegreenergood.fr\/#logo\",\"inLanguage\":\"fr-FR\",\"url\":\"\",\"caption\":\"The Greener Good\"},\"image\":{\"@id\":\"https:\/\/map.thegreenergood.fr\/#logo\"}},{\"@type\":\"WebSite\",\"@id\":\"https:\/\/map.thegreenergood.fr\/#website\",\"url\":\"https:\/\/map.thegreenergood.fr\/\",\"name\":\"Guide Greener\",\"description\":\"Adresses \\u00e9coresponsables du Grand Lyon\",\"publisher\":{\"@id\":\"https:\/\/map.thegreenergood.fr\/#organization\"},\"potentialAction\":[{\"@type\":\"SearchAction\",\"target\":\"https:\/\/map.thegreenergood.fr\/?s={search_term_string}\",\"query-input\":\"required name=search_term_string\"}],\"inLanguage\":\"fr-FR\"},{\"@type\":\"WebPage\",\"@id\":\"https:\/\/map.thegreenergood.fr\/index.php\/acteurs\/institut-selva\/#webpage\",\"url\":\"https:\/\/map.thegreenergood.fr\/index.php\/acteurs\/institut-selva\/\",\"name\":\"Institut Selva - Concept-store hygi\\u00e8ne et bien-\\u00eatre - The Greener Map\",\"isPartOf\":{\"@id\":\"https:\/\/map.thegreenergood.fr\/#website\"},\"datePublished\":\"2020-12-09T20:20:36+00:00\",\"dateModified\":\"2025-01-03T14:21:34+00:00\",\"description\":\"Institut Selva vous invite \\u00e0 un voyage des sens dans son concept-store \\u00e0 travers une offre compl\\u00e8te : cosm\\u00e9tiques naturelles, soins et ateliers de cr\\u00e9ation.\",\"inLanguage\":\"fr-FR\",\"potentialAction\":[{\"@type\":\"ReadAction\",\"target\":[\"https:\/\/map.thegreenergood.fr\/index.php\/acteurs\/institut-selva\/\"]}]}]}<\/script>\n<!-- \/ Yoast SEO plugin. -->","jetpack_sharing_enabled":true,"_links":{"self":[{"href":"https:\/\/map.thegreenergood.fr\/index.php\/wp-json\/wp\/v2\/job-listings\/22530"}],"collection":[{"href":"https:\/\/map.thegreenergood.fr\/index.php\/wp-json\/wp\/v2\/job-listings"}],"about":[{"href":"https:\/\/map.thegreenergood.fr\/index.php\/wp-json\/wp\/v2\/types\/job_listing"}],"replies":[{"embeddable":true,"href":"https:\/\/map.thegreenergood.fr\/index.php\/wp-json\/wp\/v2\/comments?post=22530"}],"wp:attachment":[{"href":"https:\/\/map.thegreenergood.fr\/index.php\/wp-json\/wp\/v2\/media?parent=22530"}],"wp:term":[{"taxonomy":"job_listing_region","embeddable":true,"href":"https:\/\/map.thegreenergood.fr\/index.php\/wp-json\/wp\/v2\/job_listing_region?post=22530"},{"taxonomy":"job_listing_category","embeddable":true,"href":"https:\/\/map.thegreenergood.fr\/index.php\/wp-json\/wp\/v2\/job-categories?post=22530"},{"taxonomy":"job_listing_type","embeddable":true,"href":"https:\/\/map.thegreenergood.fr\/index.php\/wp-json\/wp\/v2\/job-types?post=22530"},{"taxonomy":"job_listing_tag","embeddable":true,"href":"https:\/\/map.thegreenergood.fr\/index.php\/wp-json\/wp\/v2\/job_listing_tag?post=22530"}],"curies":[{"name":"wp","href":"https:\/\/api.w.org\/{rel}","templated":true}]}}