{"id":22559,"date":"2020-12-20T23:13:28","date_gmt":"2020-12-20T22:13:28","guid":{"rendered":"https:\/\/map.thegreenergood.fr\/index.php\/acteurs\/36-bd-edouard-herriot-latelier-du-coin\/"},"modified":"2024-06-12T18:20:14","modified_gmt":"2024-06-12T16:20:14","slug":"latelier-du-coin","status":"publish","type":"job_listing","link":"https:\/\/map.thegreenergood.fr\/index.php\/acteurs\/latelier-du-coin\/","title":{"rendered":"L&rsquo;Atelier du coin"},"content":{"rendered":"<p>L&rsquo;atelier du coin est une boutique de cr\u00e9ateurs locaux qui a \u00e0 c\u0153ur d&rsquo;avoir une d\u00e9marche \u00e9coresponsable. Cela en privil\u00e9giant les circuits courts, l&rsquo;artisanat local, le fait main ainsi que le recyclage et la revalorisation des objets, mati\u00e8res&#8230; Nous avons \u00ab\u00a0construit\u00a0\u00bb notre boutique dans cette d\u00e9marche. Nous avons recherch\u00e9 des cr\u00e9ateurs qui correspondaient au mieux \u00e0 celle-ci et nos prochains ateliers seront aussi dans cet \u00e9tat d&rsquo;esprit.<\/p>\n<p>Une atmosph\u00e8re chaleureuse, vous accueille pour faire des achats \u00e9coresponsables, d\u00e9couvrir des savoir-faire&#8230;<\/p>\n<p>Nous sommes aussi point de d\u00e9p\u00f4t pour des mara\u00eechers et producteurs locaux&#8230;<\/p>\n","protected":false},"featured_media":0,"comment_status":"open","ping_status":"closed","template":"","meta":{"_exactmetrics_skip_tracking":false,"_exactmetrics_sitenote_active":false,"_exactmetrics_sitenote_note":"","_exactmetrics_sitenote_category":0,"spay_email":"","_company_tagline":"Boutique associative de cr\u00e9ateurs locaux","_job_location":"9 Place Charles Ottina, 69800 Saint-Priest","_company_website":"https:\/\/latelierducoin69.fr\/","_company_twitter":"","_filled":0,"_featured":0,"jetpack_publicize_message":"","jetpack_is_tweetstorm":false,"jetpack_publicize_feature_enabled":true},"job_listing_region":[127,131],"job-categories":[42,48,116,41,39,126,51,61,44,35,62,124,63,50],"job-types":[],"job_listing_tag":[87,101,91,119,92],"jetpack_publicize_connections":[],"yoast_head":"<!-- This site is optimized with the Yoast SEO plugin v14.4.1 - https:\/\/yoast.com\/wordpress\/plugins\/seo\/ -->\n<title>L&#039;atelier du coin - Boutique de cr\u00e9ateurs locaux - The Greener Map<\/title>\n<meta name=\"description\" content=\"L&#039;atelier du coin est une boutique de cr\u00e9ateurs locaux privil\u00e9giant les circuits courts, l&#039;artisanat local, le fait main et la revalorisation\" \/>\n<meta name=\"robots\" content=\"index, follow\" \/>\n<meta name=\"googlebot\" content=\"index, follow, max-snippet:-1, max-image-preview:large, max-video-preview:-1\" \/>\n<meta name=\"bingbot\" content=\"index, follow, max-snippet:-1, max-image-preview:large, max-video-preview:-1\" \/>\n<link rel=\"canonical\" href=\"https:\/\/map.thegreenergood.fr\/index.php\/acteurs\/latelier-du-coin\/\" \/>\n<meta property=\"og:locale\" content=\"fr_FR\" \/>\n<meta property=\"og:type\" content=\"article\" \/>\n<meta property=\"og:title\" content=\"L&#039;atelier du coin - Boutique de cr\u00e9ateurs locaux - The Greener Map\" \/>\n<meta property=\"og:description\" content=\"L&#039;atelier du coin est une boutique de cr\u00e9ateurs locaux privil\u00e9giant les circuits courts, l&#039;artisanat local, le fait main et la revalorisation\" \/>\n<meta property=\"og:url\" content=\"https:\/\/map.thegreenergood.fr\/index.php\/acteurs\/latelier-du-coin\/\" \/>\n<meta property=\"og:site_name\" content=\"The Greener Map\" \/>\n<meta property=\"article:publisher\" content=\"https:\/\/www.facebook.com\/thegreenergoodFR\/\" \/>\n<meta property=\"article:modified_time\" content=\"2024-06-12T16:20:14+00:00\" \/>\n<meta property=\"og:image\" content=\"https:\/\/map.thegreenergood.fr\/wp-content\/uploads\/2020\/12\/2020-12-12.jpg\" \/>\n<meta name=\"twitter:card\" content=\"summary_large_image\" \/>\n<meta name=\"twitter:image\" content=\"https:\/\/map.thegreenergood.fr\/wp-content\/uploads\/2020\/12\/2020-12-12.jpg\" \/>\n<meta name=\"twitter:creator\" content=\"@TheGreenerGoodF\" \/>\n<meta name=\"twitter:site\" content=\"@TheGreenerGoodF\" \/>\n<script type=\"application\/ld+json\" class=\"yoast-schema-graph\">{\"@context\":\"https:\/\/schema.org\",\"@graph\":[{\"@type\":\"Organization\",\"@id\":\"https:\/\/map.thegreenergood.fr\/#organization\",\"name\":\"The Greener Good\",\"url\":\"https:\/\/map.thegreenergood.fr\/\",\"sameAs\":[\"https:\/\/www.facebook.com\/thegreenergoodFR\/\",\"https:\/\/www.instagram.com\/the_greener_good\/\",\"https:\/\/www.youtube.com\/channel\/UCHW2zAiIK5dMOJKqBSv3G4A\",\"https:\/\/twitter.com\/TheGreenerGoodF\"],\"logo\":{\"@type\":\"ImageObject\",\"@id\":\"https:\/\/map.thegreenergood.fr\/#logo\",\"inLanguage\":\"fr-FR\",\"url\":\"\",\"caption\":\"The Greener Good\"},\"image\":{\"@id\":\"https:\/\/map.thegreenergood.fr\/#logo\"}},{\"@type\":\"WebSite\",\"@id\":\"https:\/\/map.thegreenergood.fr\/#website\",\"url\":\"https:\/\/map.thegreenergood.fr\/\",\"name\":\"Guide Greener\",\"description\":\"Adresses \\u00e9coresponsables du Grand Lyon\",\"publisher\":{\"@id\":\"https:\/\/map.thegreenergood.fr\/#organization\"},\"potentialAction\":[{\"@type\":\"SearchAction\",\"target\":\"https:\/\/map.thegreenergood.fr\/?s={search_term_string}\",\"query-input\":\"required name=search_term_string\"}],\"inLanguage\":\"fr-FR\"},{\"@type\":\"WebPage\",\"@id\":\"https:\/\/map.thegreenergood.fr\/index.php\/acteurs\/latelier-du-coin\/#webpage\",\"url\":\"https:\/\/map.thegreenergood.fr\/index.php\/acteurs\/latelier-du-coin\/\",\"name\":\"L'atelier du coin - Boutique de cr\\u00e9ateurs locaux - The Greener Map\",\"isPartOf\":{\"@id\":\"https:\/\/map.thegreenergood.fr\/#website\"},\"datePublished\":\"2020-12-20T22:13:28+00:00\",\"dateModified\":\"2024-06-12T16:20:14+00:00\",\"description\":\"L'atelier du coin est une boutique de cr\\u00e9ateurs locaux privil\\u00e9giant les circuits courts, l'artisanat local, le fait main et la revalorisation\",\"inLanguage\":\"fr-FR\",\"potentialAction\":[{\"@type\":\"ReadAction\",\"target\":[\"https:\/\/map.thegreenergood.fr\/index.php\/acteurs\/latelier-du-coin\/\"]}]}]}<\/script>\n<!-- \/ Yoast SEO plugin. -->","jetpack_sharing_enabled":true,"_links":{"self":[{"href":"https:\/\/map.thegreenergood.fr\/index.php\/wp-json\/wp\/v2\/job-listings\/22559"}],"collection":[{"href":"https:\/\/map.thegreenergood.fr\/index.php\/wp-json\/wp\/v2\/job-listings"}],"about":[{"href":"https:\/\/map.thegreenergood.fr\/index.php\/wp-json\/wp\/v2\/types\/job_listing"}],"replies":[{"embeddable":true,"href":"https:\/\/map.thegreenergood.fr\/index.php\/wp-json\/wp\/v2\/comments?post=22559"}],"wp:attachment":[{"href":"https:\/\/map.thegreenergood.fr\/index.php\/wp-json\/wp\/v2\/media?parent=22559"}],"wp:term":[{"taxonomy":"job_listing_region","embeddable":true,"href":"https:\/\/map.thegreenergood.fr\/index.php\/wp-json\/wp\/v2\/job_listing_region?post=22559"},{"taxonomy":"job_listing_category","embeddable":true,"href":"https:\/\/map.thegreenergood.fr\/index.php\/wp-json\/wp\/v2\/job-categories?post=22559"},{"taxonomy":"job_listing_type","embeddable":true,"href":"https:\/\/map.thegreenergood.fr\/index.php\/wp-json\/wp\/v2\/job-types?post=22559"},{"taxonomy":"job_listing_tag","embeddable":true,"href":"https:\/\/map.thegreenergood.fr\/index.php\/wp-json\/wp\/v2\/job_listing_tag?post=22559"}],"curies":[{"name":"wp","href":"https:\/\/api.w.org\/{rel}","templated":true}]}}