{"id":22592,"date":"2021-01-06T14:26:48","date_gmt":"2021-01-06T13:26:48","guid":{"rendered":"https:\/\/map.thegreenergood.fr\/index.php\/acteurs\/1-place-bellecour-69002-lyon-in-cuisine\/"},"modified":"2024-03-25T17:08:43","modified_gmt":"2024-03-25T16:08:43","slug":"in-cuisine","status":"publish","type":"job_listing","link":"https:\/\/map.thegreenergood.fr\/index.php\/acteurs\/in-cuisine\/","title":{"rendered":"In Cuisine"},"content":{"rendered":"<p>Lire Cuisiner D\u00e9guster Partager. In Cuisine est plus qu&rsquo;une simple librairie consacr\u00e9e \u00e0 la cuisine dans laquelle vous trouverez livres de recettes de chefs, romans gourmands et autres ouvrages \u00e9tonnant.<\/p>\n<p>C&rsquo;est aussi un lieu ou l&rsquo;on peut se restaurer \u00e0 midi. Tout en mangeant sain, local et o\u00f9 nous vous racontons une histoire dans l\u2019assiette. Venez savourer un th\u00e9 ou un d\u00e9licieux chocolat chaud Valrhona avec une p\u00e2tisserie maison. Nous prenons soin des produits que nous travaillons, en tenant compte des allergies alimentaires.<\/p>\n<p>Nous proposons dans notre \u00e9picerie Vrac, les p\u00e9pites que nous avons rep\u00e9r\u00e9es. Et si vous avez avez envie de d\u00e9couvrir une technique culinaire ou la cuisine d&rsquo;un pays, inscrivez vous \u00e0 nos ateliers.<\/p>\n","protected":false},"featured_media":0,"comment_status":"open","ping_status":"closed","template":"","meta":{"_exactmetrics_skip_tracking":false,"_exactmetrics_sitenote_active":false,"_exactmetrics_sitenote_note":"","_exactmetrics_sitenote_category":0,"spay_email":"","_company_tagline":"Lieu de vie culinaire","_job_location":"1 Place Bellecour 69002 LYON","_company_website":"http:\/\/www.incuisine.fr","_company_twitter":"","_filled":0,"_featured":0,"jetpack_publicize_message":"","jetpack_is_tweetstorm":false,"jetpack_publicize_feature_enabled":true},"job_listing_region":[127,96,105],"job-categories":[46,162,51,35,62,122,60],"job-types":[],"job_listing_tag":[],"jetpack_publicize_connections":[],"yoast_head":"<!-- This site is optimized with the Yoast SEO plugin v14.4.1 - https:\/\/yoast.com\/wordpress\/plugins\/seo\/ -->\n<title>In Cuisine - Lieu de vie culinaire - The Greener Map<\/title>\n<meta name=\"description\" content=\"In Cuisine rassemble ces 4 mots en un lieu : lire, cuisiner, d\u00e9guster, partager. D\u00e9couvrez librairie, \u00e9picerie, restaurant et ateliers en ce lieu unique.\" \/>\n<meta name=\"robots\" content=\"index, follow\" \/>\n<meta name=\"googlebot\" content=\"index, follow, max-snippet:-1, max-image-preview:large, max-video-preview:-1\" \/>\n<meta name=\"bingbot\" content=\"index, follow, max-snippet:-1, max-image-preview:large, max-video-preview:-1\" \/>\n<link rel=\"canonical\" href=\"https:\/\/map.thegreenergood.fr\/index.php\/acteurs\/in-cuisine\/\" \/>\n<meta property=\"og:locale\" content=\"fr_FR\" \/>\n<meta property=\"og:type\" content=\"article\" \/>\n<meta property=\"og:title\" content=\"In Cuisine - Lieu de vie culinaire - The Greener Map\" \/>\n<meta property=\"og:description\" content=\"In Cuisine rassemble ces 4 mots en un lieu : lire, cuisiner, d\u00e9guster, partager. D\u00e9couvrez librairie, \u00e9picerie, restaurant et ateliers en ce lieu unique.\" \/>\n<meta property=\"og:url\" content=\"https:\/\/map.thegreenergood.fr\/index.php\/acteurs\/in-cuisine\/\" \/>\n<meta property=\"og:site_name\" content=\"The Greener Map\" \/>\n<meta property=\"article:publisher\" content=\"https:\/\/www.facebook.com\/thegreenergoodFR\/\" \/>\n<meta property=\"article:modified_time\" content=\"2024-03-25T16:08:43+00:00\" \/>\n<meta property=\"og:image\" content=\"https:\/\/map.thegreenergood.fr\/wp-content\/uploads\/2021\/01\/Caf-frapp-0191.jpg\" \/>\n<meta name=\"twitter:card\" content=\"summary_large_image\" \/>\n<meta name=\"twitter:image\" content=\"https:\/\/map.thegreenergood.fr\/wp-content\/uploads\/2021\/01\/Caf-frapp-0191.jpg\" \/>\n<meta name=\"twitter:creator\" content=\"@TheGreenerGoodF\" \/>\n<meta name=\"twitter:site\" content=\"@TheGreenerGoodF\" \/>\n<script type=\"application\/ld+json\" class=\"yoast-schema-graph\">{\"@context\":\"https:\/\/schema.org\",\"@graph\":[{\"@type\":\"Organization\",\"@id\":\"https:\/\/map.thegreenergood.fr\/#organization\",\"name\":\"The Greener Good\",\"url\":\"https:\/\/map.thegreenergood.fr\/\",\"sameAs\":[\"https:\/\/www.facebook.com\/thegreenergoodFR\/\",\"https:\/\/www.instagram.com\/the_greener_good\/\",\"https:\/\/www.youtube.com\/channel\/UCHW2zAiIK5dMOJKqBSv3G4A\",\"https:\/\/twitter.com\/TheGreenerGoodF\"],\"logo\":{\"@type\":\"ImageObject\",\"@id\":\"https:\/\/map.thegreenergood.fr\/#logo\",\"inLanguage\":\"fr-FR\",\"url\":\"\",\"caption\":\"The Greener Good\"},\"image\":{\"@id\":\"https:\/\/map.thegreenergood.fr\/#logo\"}},{\"@type\":\"WebSite\",\"@id\":\"https:\/\/map.thegreenergood.fr\/#website\",\"url\":\"https:\/\/map.thegreenergood.fr\/\",\"name\":\"Guide Greener\",\"description\":\"Adresses \\u00e9coresponsables du Grand Lyon\",\"publisher\":{\"@id\":\"https:\/\/map.thegreenergood.fr\/#organization\"},\"potentialAction\":[{\"@type\":\"SearchAction\",\"target\":\"https:\/\/map.thegreenergood.fr\/?s={search_term_string}\",\"query-input\":\"required name=search_term_string\"}],\"inLanguage\":\"fr-FR\"},{\"@type\":\"WebPage\",\"@id\":\"https:\/\/map.thegreenergood.fr\/index.php\/acteurs\/in-cuisine\/#webpage\",\"url\":\"https:\/\/map.thegreenergood.fr\/index.php\/acteurs\/in-cuisine\/\",\"name\":\"In Cuisine - Lieu de vie culinaire - The Greener Map\",\"isPartOf\":{\"@id\":\"https:\/\/map.thegreenergood.fr\/#website\"},\"datePublished\":\"2021-01-06T13:26:48+00:00\",\"dateModified\":\"2024-03-25T16:08:43+00:00\",\"description\":\"In Cuisine rassemble ces 4 mots en un lieu : lire, cuisiner, d\\u00e9guster, partager. D\\u00e9couvrez librairie, \\u00e9picerie, restaurant et ateliers en ce lieu unique.\",\"inLanguage\":\"fr-FR\",\"potentialAction\":[{\"@type\":\"ReadAction\",\"target\":[\"https:\/\/map.thegreenergood.fr\/index.php\/acteurs\/in-cuisine\/\"]}]}]}<\/script>\n<!-- \/ Yoast SEO plugin. -->","jetpack_sharing_enabled":true,"_links":{"self":[{"href":"https:\/\/map.thegreenergood.fr\/index.php\/wp-json\/wp\/v2\/job-listings\/22592"}],"collection":[{"href":"https:\/\/map.thegreenergood.fr\/index.php\/wp-json\/wp\/v2\/job-listings"}],"about":[{"href":"https:\/\/map.thegreenergood.fr\/index.php\/wp-json\/wp\/v2\/types\/job_listing"}],"replies":[{"embeddable":true,"href":"https:\/\/map.thegreenergood.fr\/index.php\/wp-json\/wp\/v2\/comments?post=22592"}],"wp:attachment":[{"href":"https:\/\/map.thegreenergood.fr\/index.php\/wp-json\/wp\/v2\/media?parent=22592"}],"wp:term":[{"taxonomy":"job_listing_region","embeddable":true,"href":"https:\/\/map.thegreenergood.fr\/index.php\/wp-json\/wp\/v2\/job_listing_region?post=22592"},{"taxonomy":"job_listing_category","embeddable":true,"href":"https:\/\/map.thegreenergood.fr\/index.php\/wp-json\/wp\/v2\/job-categories?post=22592"},{"taxonomy":"job_listing_type","embeddable":true,"href":"https:\/\/map.thegreenergood.fr\/index.php\/wp-json\/wp\/v2\/job-types?post=22592"},{"taxonomy":"job_listing_tag","embeddable":true,"href":"https:\/\/map.thegreenergood.fr\/index.php\/wp-json\/wp\/v2\/job_listing_tag?post=22592"}],"curies":[{"name":"wp","href":"https:\/\/api.w.org\/{rel}","templated":true}]}}