{"id":24779,"date":"2024-01-04T18:58:32","date_gmt":"2024-01-04T17:58:32","guid":{"rendered":"https:\/\/map.thegreenergood.fr\/?post_type=job_listing&#038;p=24779"},"modified":"2026-03-06T15:58:37","modified_gmt":"2026-03-06T14:58:37","slug":"les-empotes","status":"publish","type":"job_listing","link":"https:\/\/map.thegreenergood.fr\/index.php\/acteurs\/les-empotes\/","title":{"rendered":"Les Empot\u00e9s"},"content":{"rendered":"<p>Nous accompagnons les initiatives de v\u00e9g\u00e9talisation urbaines, des citadins particuliers ou professionnels ; de mani\u00e8re respectueuse du vivant, dans une d\u00e9marche \u00e9co-responsable et apprenante.<\/p>\n<p>Notre cr\u00e9do : plantes locales, seconde main, biodiversit\u00e9, partage &amp; cr\u00e9ativit\u00e9 !<\/p>\n<p>Sp\u00e9cialis\u00e9s dans les plantations en pots (balcons, terrasses, bureaux, caf\u00e9s\u2026), nous sommes l\u00e0 pour vous conseiller sur votre projet ; le concevoir et le r\u00e9aliser, dans une d\u00e9marche p\u00e9dagogique qui vise \u00e0 partager les gestes du jardinage de demain, plus \u00e9cologique et participatif.<\/p>\n<p>Nos locaux (Lyon 1er) vous accueillent sur rendez-vous ou lors de nos Ateliers d&rsquo;initiation au jardinage urbain.<\/p>\n<p>Jardiniers \u00e0 v\u00e9lo, nous r\u00e9alisons \u00e9galement des visites de coaching et consultations v\u00e9g\u00e9tales \u00e0 domicile pour vous livrer conseils et inspiration pour la v\u00e9g\u00e9talisation de votre balcon, terrasse &#8230;<\/p>\n<p>www.les-empotes.fr<\/p>\n","protected":false},"featured_media":0,"comment_status":"open","ping_status":"closed","template":"","meta":{"_exactmetrics_skip_tracking":false,"_exactmetrics_sitenote_active":false,"_exactmetrics_sitenote_note":"","_exactmetrics_sitenote_category":0,"spay_email":"","_company_tagline":"Paysagisme Urbain","_job_location":"2 rue Fernand Rey, Lyon 1er","_company_website":"http:\/\/www.les-empotes.fr","_company_twitter":"","_filled":0,"_featured":0,"jetpack_publicize_message":"","jetpack_is_tweetstorm":false,"jetpack_publicize_feature_enabled":true},"job_listing_region":[127],"job-categories":[36,167,61,43],"job-types":[],"job_listing_tag":[103,87,101,176,177],"jetpack_publicize_connections":[],"yoast_head":"<!-- This site is optimized with the Yoast SEO plugin v14.4.1 - https:\/\/yoast.com\/wordpress\/plugins\/seo\/ -->\n<title>Les empot\u00e9s - V\u00e9g\u00e9talisation urbaine - The Greener Map<\/title>\n<meta name=\"description\" content=\"Les empot\u00e9s accompagne les initiatives de v\u00e9g\u00e9talisation urbaines des citadins, propose des ateliers et conseille particuliers et pros pour leurs projets.\" \/>\n<meta name=\"robots\" content=\"index, follow\" \/>\n<meta name=\"googlebot\" content=\"index, follow, max-snippet:-1, max-image-preview:large, max-video-preview:-1\" \/>\n<meta name=\"bingbot\" content=\"index, follow, max-snippet:-1, max-image-preview:large, max-video-preview:-1\" \/>\n<link rel=\"canonical\" href=\"https:\/\/map.thegreenergood.fr\/index.php\/acteurs\/les-empotes\/\" \/>\n<meta property=\"og:locale\" content=\"fr_FR\" \/>\n<meta property=\"og:type\" content=\"article\" \/>\n<meta property=\"og:title\" content=\"Les empot\u00e9s - V\u00e9g\u00e9talisation urbaine - The Greener Map\" \/>\n<meta property=\"og:description\" content=\"Les empot\u00e9s accompagne les initiatives de v\u00e9g\u00e9talisation urbaines des citadins, propose des ateliers et conseille particuliers et pros pour leurs projets.\" \/>\n<meta property=\"og:url\" content=\"https:\/\/map.thegreenergood.fr\/index.php\/acteurs\/les-empotes\/\" \/>\n<meta property=\"og:site_name\" content=\"The Greener Map\" \/>\n<meta property=\"article:publisher\" content=\"https:\/\/www.facebook.com\/thegreenergoodFR\/\" \/>\n<meta property=\"article:modified_time\" content=\"2026-03-06T14:58:37+00:00\" \/>\n<meta property=\"og:image\" content=\"https:\/\/map.thegreenergood.fr\/wp-content\/uploads\/job-manager-uploads\/main_image\/2024\/01\/IMG_1294.jpg\" \/>\n<meta name=\"twitter:card\" content=\"summary_large_image\" \/>\n<meta name=\"twitter:image\" content=\"https:\/\/map.thegreenergood.fr\/wp-content\/uploads\/job-manager-uploads\/main_image\/2024\/01\/IMG_1294.jpg\" \/>\n<meta name=\"twitter:creator\" content=\"@TheGreenerGoodF\" \/>\n<meta name=\"twitter:site\" content=\"@TheGreenerGoodF\" \/>\n<script type=\"application\/ld+json\" class=\"yoast-schema-graph\">{\"@context\":\"https:\/\/schema.org\",\"@graph\":[{\"@type\":\"Organization\",\"@id\":\"https:\/\/map.thegreenergood.fr\/#organization\",\"name\":\"The Greener Good\",\"url\":\"https:\/\/map.thegreenergood.fr\/\",\"sameAs\":[\"https:\/\/www.facebook.com\/thegreenergoodFR\/\",\"https:\/\/www.instagram.com\/the_greener_good\/\",\"https:\/\/www.youtube.com\/channel\/UCHW2zAiIK5dMOJKqBSv3G4A\",\"https:\/\/twitter.com\/TheGreenerGoodF\"],\"logo\":{\"@type\":\"ImageObject\",\"@id\":\"https:\/\/map.thegreenergood.fr\/#logo\",\"inLanguage\":\"fr-FR\",\"url\":\"\",\"caption\":\"The Greener Good\"},\"image\":{\"@id\":\"https:\/\/map.thegreenergood.fr\/#logo\"}},{\"@type\":\"WebSite\",\"@id\":\"https:\/\/map.thegreenergood.fr\/#website\",\"url\":\"https:\/\/map.thegreenergood.fr\/\",\"name\":\"Guide Greener\",\"description\":\"Adresses \\u00e9coresponsables du Grand Lyon\",\"publisher\":{\"@id\":\"https:\/\/map.thegreenergood.fr\/#organization\"},\"potentialAction\":[{\"@type\":\"SearchAction\",\"target\":\"https:\/\/map.thegreenergood.fr\/?s={search_term_string}\",\"query-input\":\"required name=search_term_string\"}],\"inLanguage\":\"fr-FR\"},{\"@type\":\"WebPage\",\"@id\":\"https:\/\/map.thegreenergood.fr\/index.php\/acteurs\/les-empotes\/#webpage\",\"url\":\"https:\/\/map.thegreenergood.fr\/index.php\/acteurs\/les-empotes\/\",\"name\":\"Les empot\\u00e9s - V\\u00e9g\\u00e9talisation urbaine - The Greener Map\",\"isPartOf\":{\"@id\":\"https:\/\/map.thegreenergood.fr\/#website\"},\"datePublished\":\"2024-01-04T17:58:32+00:00\",\"dateModified\":\"2026-03-06T14:58:37+00:00\",\"description\":\"Les empot\\u00e9s accompagne les initiatives de v\\u00e9g\\u00e9talisation urbaines des citadins, propose des ateliers et conseille particuliers et pros pour leurs projets.\",\"inLanguage\":\"fr-FR\",\"potentialAction\":[{\"@type\":\"ReadAction\",\"target\":[\"https:\/\/map.thegreenergood.fr\/index.php\/acteurs\/les-empotes\/\"]}]}]}<\/script>\n<!-- \/ Yoast SEO plugin. -->","jetpack_sharing_enabled":true,"_links":{"self":[{"href":"https:\/\/map.thegreenergood.fr\/index.php\/wp-json\/wp\/v2\/job-listings\/24779"}],"collection":[{"href":"https:\/\/map.thegreenergood.fr\/index.php\/wp-json\/wp\/v2\/job-listings"}],"about":[{"href":"https:\/\/map.thegreenergood.fr\/index.php\/wp-json\/wp\/v2\/types\/job_listing"}],"replies":[{"embeddable":true,"href":"https:\/\/map.thegreenergood.fr\/index.php\/wp-json\/wp\/v2\/comments?post=24779"}],"wp:attachment":[{"href":"https:\/\/map.thegreenergood.fr\/index.php\/wp-json\/wp\/v2\/media?parent=24779"}],"wp:term":[{"taxonomy":"job_listing_region","embeddable":true,"href":"https:\/\/map.thegreenergood.fr\/index.php\/wp-json\/wp\/v2\/job_listing_region?post=24779"},{"taxonomy":"job_listing_category","embeddable":true,"href":"https:\/\/map.thegreenergood.fr\/index.php\/wp-json\/wp\/v2\/job-categories?post=24779"},{"taxonomy":"job_listing_type","embeddable":true,"href":"https:\/\/map.thegreenergood.fr\/index.php\/wp-json\/wp\/v2\/job-types?post=24779"},{"taxonomy":"job_listing_tag","embeddable":true,"href":"https:\/\/map.thegreenergood.fr\/index.php\/wp-json\/wp\/v2\/job_listing_tag?post=24779"}],"curies":[{"name":"wp","href":"https:\/\/api.w.org\/{rel}","templated":true}]}}