{"id":24789,"date":"2024-01-16T18:14:39","date_gmt":"2024-01-16T17:14:39","guid":{"rendered":"https:\/\/map.thegreenergood.fr\/?post_type=job_listing&#038;p=24789"},"modified":"2024-03-07T22:21:20","modified_gmt":"2024-03-07T21:21:20","slug":"in-situ-architectes","status":"publish","type":"job_listing","link":"https:\/\/map.thegreenergood.fr\/index.php\/acteurs\/in-situ-architectes\/","title":{"rendered":"IN SITU ARCHITECTES"},"content":{"rendered":"<p>In Situ Architectes a pour mission : cr\u00e9er un lieu de vie \u00e0 votre image, qui allie performance, confort et \u00e9l\u00e9gance.<\/p>\n<p>Choix de mat\u00e9riaux sains et durables, soins apport\u00e9s aux finitions, r\u00e9seau d\u2019artisans qualifi\u00e9&#8230;<\/p>\n<p>Notre motivation premi\u00e8re : la qualit\u00e9 des lieux de vie que nous cr\u00e9ons.<br \/>\nNous les concevons pour \u00eatre naturellement confortables \u00e9t\u00e9 comme hiver, pratiques et fonctionnels, \u00e9l\u00e9gants au-del\u00e0 des changements de mode.<\/p>\n<p>&#8211; Maison basse consommation<br \/>\n&#8211; Extension et r\u00e9habilitation<br \/>\n&#8211; R\u00e9novation thermique<br \/>\n&#8211; Architecture d\u2019int\u00e9rieure<br \/>\n&#8211; Permis de construire<br \/>\n&#8211; Suivi de chantier<br \/>\n&#8211; Visite conseil<br \/>\n&#8211; Etc &#8230;.<\/p>\n","protected":false},"featured_media":0,"comment_status":"open","ping_status":"closed","template":"","meta":{"_exactmetrics_skip_tracking":false,"_exactmetrics_sitenote_active":false,"_exactmetrics_sitenote_note":"","_exactmetrics_sitenote_category":0,"spay_email":"","_company_tagline":"","_job_location":"30 Route de Charly 69230 Saint-Genis-Laval","_company_website":"https:\/\/www.insituarchi.com\/","_company_twitter":"","_filled":0,"_featured":0,"jetpack_publicize_message":"","jetpack_is_tweetstorm":false,"jetpack_publicize_feature_enabled":true},"job_listing_region":[127,152],"job-categories":[167,61],"job-types":[],"job_listing_tag":[],"jetpack_publicize_connections":[],"yoast_head":"<!-- This site is optimized with the Yoast SEO plugin v14.4.1 - https:\/\/yoast.com\/wordpress\/plugins\/seo\/ -->\n<title>In Situ Architectes - R\u00e9nvovation et \u00e9coconstruction - The Greener Map<\/title>\n<meta name=\"description\" content=\"In Situ Archietctes vous accompagne dans l&#039;int\u00e9gralit\u00e9 de vos projets d&#039;architecture, de r\u00e9habilitation, de r\u00e9novation et d&#039;am\u00e9nagement.\" \/>\n<meta name=\"robots\" content=\"index, follow\" \/>\n<meta name=\"googlebot\" content=\"index, follow, max-snippet:-1, max-image-preview:large, max-video-preview:-1\" \/>\n<meta name=\"bingbot\" content=\"index, follow, max-snippet:-1, max-image-preview:large, max-video-preview:-1\" \/>\n<link rel=\"canonical\" href=\"https:\/\/map.thegreenergood.fr\/index.php\/acteurs\/in-situ-architectes\/\" \/>\n<meta property=\"og:locale\" content=\"fr_FR\" \/>\n<meta property=\"og:type\" content=\"article\" \/>\n<meta property=\"og:title\" content=\"In Situ Architectes - R\u00e9nvovation et \u00e9coconstruction - The Greener Map\" \/>\n<meta property=\"og:description\" content=\"In Situ Archietctes vous accompagne dans l&#039;int\u00e9gralit\u00e9 de vos projets d&#039;architecture, de r\u00e9habilitation, de r\u00e9novation et d&#039;am\u00e9nagement.\" \/>\n<meta property=\"og:url\" content=\"https:\/\/map.thegreenergood.fr\/index.php\/acteurs\/in-situ-architectes\/\" \/>\n<meta property=\"og:site_name\" content=\"The Greener Map\" \/>\n<meta property=\"article:publisher\" content=\"https:\/\/www.facebook.com\/thegreenergoodFR\/\" \/>\n<meta property=\"article:modified_time\" content=\"2024-03-07T21:21:20+00:00\" \/>\n<meta property=\"og:image\" content=\"https:\/\/map.thegreenergood.fr\/wp-content\/uploads\/job-manager-uploads\/main_image\/2024\/01\/P1260921.jpg\" \/>\n<meta name=\"twitter:card\" content=\"summary_large_image\" \/>\n<meta name=\"twitter:image\" content=\"https:\/\/map.thegreenergood.fr\/wp-content\/uploads\/job-manager-uploads\/main_image\/2024\/01\/P1260921.jpg\" \/>\n<meta name=\"twitter:creator\" content=\"@TheGreenerGoodF\" \/>\n<meta name=\"twitter:site\" content=\"@TheGreenerGoodF\" \/>\n<script type=\"application\/ld+json\" class=\"yoast-schema-graph\">{\"@context\":\"https:\/\/schema.org\",\"@graph\":[{\"@type\":\"Organization\",\"@id\":\"https:\/\/map.thegreenergood.fr\/#organization\",\"name\":\"The Greener Good\",\"url\":\"https:\/\/map.thegreenergood.fr\/\",\"sameAs\":[\"https:\/\/www.facebook.com\/thegreenergoodFR\/\",\"https:\/\/www.instagram.com\/the_greener_good\/\",\"https:\/\/www.youtube.com\/channel\/UCHW2zAiIK5dMOJKqBSv3G4A\",\"https:\/\/twitter.com\/TheGreenerGoodF\"],\"logo\":{\"@type\":\"ImageObject\",\"@id\":\"https:\/\/map.thegreenergood.fr\/#logo\",\"inLanguage\":\"fr-FR\",\"url\":\"\",\"caption\":\"The Greener Good\"},\"image\":{\"@id\":\"https:\/\/map.thegreenergood.fr\/#logo\"}},{\"@type\":\"WebSite\",\"@id\":\"https:\/\/map.thegreenergood.fr\/#website\",\"url\":\"https:\/\/map.thegreenergood.fr\/\",\"name\":\"Guide Greener\",\"description\":\"Adresses \\u00e9coresponsables du Grand Lyon\",\"publisher\":{\"@id\":\"https:\/\/map.thegreenergood.fr\/#organization\"},\"potentialAction\":[{\"@type\":\"SearchAction\",\"target\":\"https:\/\/map.thegreenergood.fr\/?s={search_term_string}\",\"query-input\":\"required name=search_term_string\"}],\"inLanguage\":\"fr-FR\"},{\"@type\":\"WebPage\",\"@id\":\"https:\/\/map.thegreenergood.fr\/index.php\/acteurs\/in-situ-architectes\/#webpage\",\"url\":\"https:\/\/map.thegreenergood.fr\/index.php\/acteurs\/in-situ-architectes\/\",\"name\":\"In Situ Architectes - R\\u00e9nvovation et \\u00e9coconstruction - The Greener Map\",\"isPartOf\":{\"@id\":\"https:\/\/map.thegreenergood.fr\/#website\"},\"datePublished\":\"2024-01-16T17:14:39+00:00\",\"dateModified\":\"2024-03-07T21:21:20+00:00\",\"description\":\"In Situ Archietctes vous accompagne dans l'int\\u00e9gralit\\u00e9 de vos projets d'architecture, de r\\u00e9habilitation, de r\\u00e9novation et d'am\\u00e9nagement.\",\"inLanguage\":\"fr-FR\",\"potentialAction\":[{\"@type\":\"ReadAction\",\"target\":[\"https:\/\/map.thegreenergood.fr\/index.php\/acteurs\/in-situ-architectes\/\"]}]}]}<\/script>\n<!-- \/ Yoast SEO plugin. -->","jetpack_sharing_enabled":true,"_links":{"self":[{"href":"https:\/\/map.thegreenergood.fr\/index.php\/wp-json\/wp\/v2\/job-listings\/24789"}],"collection":[{"href":"https:\/\/map.thegreenergood.fr\/index.php\/wp-json\/wp\/v2\/job-listings"}],"about":[{"href":"https:\/\/map.thegreenergood.fr\/index.php\/wp-json\/wp\/v2\/types\/job_listing"}],"replies":[{"embeddable":true,"href":"https:\/\/map.thegreenergood.fr\/index.php\/wp-json\/wp\/v2\/comments?post=24789"}],"wp:attachment":[{"href":"https:\/\/map.thegreenergood.fr\/index.php\/wp-json\/wp\/v2\/media?parent=24789"}],"wp:term":[{"taxonomy":"job_listing_region","embeddable":true,"href":"https:\/\/map.thegreenergood.fr\/index.php\/wp-json\/wp\/v2\/job_listing_region?post=24789"},{"taxonomy":"job_listing_category","embeddable":true,"href":"https:\/\/map.thegreenergood.fr\/index.php\/wp-json\/wp\/v2\/job-categories?post=24789"},{"taxonomy":"job_listing_type","embeddable":true,"href":"https:\/\/map.thegreenergood.fr\/index.php\/wp-json\/wp\/v2\/job-types?post=24789"},{"taxonomy":"job_listing_tag","embeddable":true,"href":"https:\/\/map.thegreenergood.fr\/index.php\/wp-json\/wp\/v2\/job_listing_tag?post=24789"}],"curies":[{"name":"wp","href":"https:\/\/api.w.org\/{rel}","templated":true}]}}