{"id":24861,"date":"2024-03-14T10:11:10","date_gmt":"2024-03-14T09:11:10","guid":{"rendered":"https:\/\/map.thegreenergood.fr\/?post_type=job_listing&#038;p=24861"},"modified":"2024-05-22T22:45:02","modified_gmt":"2024-05-22T20:45:02","slug":"faire-part-green","status":"publish","type":"job_listing","link":"https:\/\/map.thegreenergood.fr\/index.php\/acteurs\/faire-part-green\/","title":{"rendered":"Faire-part green"},"content":{"rendered":"<p>Vous \u00eates \u00e0 la recherche de <strong>faire-part \u00e9cologiques<\/strong> pour annoncer votre union ou la naissance de votre enfant ? <a href=\"https:\/\/www.fairepartgreen.fr\">Faire-part green<\/a> vous propose un accompagnement personnalis\u00e9 dans la cr\u00e9ation de votre <strong>papeterie responsable<\/strong>. Les <strong>faire-part de mariage<\/strong> et de <strong>naissance<\/strong> sont <strong>\u00e9co-con\u00e7us<\/strong> et imprim\u00e9s en France sur des <strong>papiers 100% recycl\u00e9s<\/strong> et <strong>ensemenc\u00e9s<\/strong> soigneusement s\u00e9lectionn\u00e9s.<\/p>\n<p>Forte de son exp\u00e9rience en tant que graphiste \u00e9co-friendly et auteure du livre \u00ab\u00a0Mariage Green\u00a0\u00bb; Claire, la fondatrice de Faire-part green, vous guide dans la cr\u00e9ation de votre papeterie de mariage; des save the date aux cartes de remerciements, en passant par la d\u00e9coration du jour J. (menu, plan de table, marque place&#8230;). <strong>Cr\u00e9atrice de faire-part depuis 2018, elle est passionn\u00e9e par l&rsquo;\u00e9co-conception graphique et privil\u00e9gie l&rsquo;utilisation de papiers recycl\u00e9s artisanaux fabriqu\u00e9s au tamis en France<\/strong>.<\/p>\n<p>Vous recherchez un faire-part de mariage \u00e0 la fois \u00e9cologique et original, contribuant \u00e0 la pr\u00e9servation de la plan\u00e8te et de sa biodiversit\u00e9 ? Optez pour des <strong>faire-part en papier ensemenc\u00e9<\/strong> ! Ce papier 100% recycl\u00e9 contient des graines de fleurs ou d&rsquo;aromates que l&rsquo;on peut planter et faire pousser.\u00a0 Le papier ensemenc\u00e9 de Faire-part green est fabriqu\u00e9 \u00e0 la main en \u00cele-de-France; \u00e0 partir de papier 100% recycl\u00e9 collect\u00e9 localement, il renferme des m\u00e9langes de <strong>graines bio fran\u00e7aises<\/strong>.<\/p>\n<p>Cr\u00e9dit photo : Oc\u00e9ane Drollat<\/p>\n","protected":false},"featured_media":0,"comment_status":"open","ping_status":"closed","template":"","meta":{"_exactmetrics_skip_tracking":false,"_exactmetrics_sitenote_active":false,"_exactmetrics_sitenote_note":"","_exactmetrics_sitenote_category":0,"spay_email":"","_company_tagline":"Cr\u00e9atrice de faire-part \u00e9cologiques (mariage & naissance)","_job_location":"4 rue de la r\u00e9publique, 69001 LYON","_company_website":"https:\/\/www.fairepartgreen.fr","_company_twitter":"","_filled":0,"_featured":0,"jetpack_publicize_message":"","jetpack_is_tweetstorm":false,"jetpack_publicize_feature_enabled":true},"job_listing_region":[115],"job-categories":[39,187,56],"job-types":[],"job_listing_tag":[87,101],"jetpack_publicize_connections":[],"yoast_head":"<!-- This site is optimized with the Yoast SEO plugin v14.4.1 - https:\/\/yoast.com\/wordpress\/plugins\/seo\/ -->\n<title>Faire-part green - Faire-part \u00e9cologiques - The Greener Map<\/title>\n<meta name=\"description\" content=\"Faire-part green vous propose un accompagnement personnalis\u00e9 dans la cr\u00e9ation de votre papeterie responsable, pour vos heureux \u00e9v\u00e9nements.\" \/>\n<meta name=\"robots\" content=\"index, follow\" \/>\n<meta name=\"googlebot\" content=\"index, follow, max-snippet:-1, max-image-preview:large, max-video-preview:-1\" \/>\n<meta name=\"bingbot\" content=\"index, follow, max-snippet:-1, max-image-preview:large, max-video-preview:-1\" \/>\n<link rel=\"canonical\" href=\"https:\/\/map.thegreenergood.fr\/index.php\/acteurs\/faire-part-green\/\" \/>\n<meta property=\"og:locale\" content=\"fr_FR\" \/>\n<meta property=\"og:type\" content=\"article\" \/>\n<meta property=\"og:title\" content=\"Faire-part green - Faire-part \u00e9cologiques - The Greener Map\" \/>\n<meta property=\"og:description\" content=\"Faire-part green vous propose un accompagnement personnalis\u00e9 dans la cr\u00e9ation de votre papeterie responsable, pour vos heureux \u00e9v\u00e9nements.\" \/>\n<meta property=\"og:url\" content=\"https:\/\/map.thegreenergood.fr\/index.php\/acteurs\/faire-part-green\/\" \/>\n<meta property=\"og:site_name\" content=\"The Greener Map\" \/>\n<meta property=\"article:publisher\" content=\"https:\/\/www.facebook.com\/thegreenergoodFR\/\" \/>\n<meta property=\"article:modified_time\" content=\"2024-05-22T20:45:02+00:00\" \/>\n<meta property=\"og:image\" content=\"https:\/\/map.thegreenergood.fr\/wp-content\/uploads\/job-manager-uploads\/main_image\/2024\/03\/Faire-part-en-papier-ensemence-faire-part-green.jpg\" \/>\n<meta name=\"twitter:card\" content=\"summary_large_image\" \/>\n<meta name=\"twitter:image\" content=\"https:\/\/map.thegreenergood.fr\/wp-content\/uploads\/job-manager-uploads\/main_image\/2024\/03\/Faire-part-en-papier-ensemence\u0301-faire-part-green.jpg\" \/>\n<meta name=\"twitter:creator\" content=\"@TheGreenerGoodF\" \/>\n<meta name=\"twitter:site\" content=\"@TheGreenerGoodF\" \/>\n<script type=\"application\/ld+json\" class=\"yoast-schema-graph\">{\"@context\":\"https:\/\/schema.org\",\"@graph\":[{\"@type\":\"Organization\",\"@id\":\"https:\/\/map.thegreenergood.fr\/#organization\",\"name\":\"The Greener Good\",\"url\":\"https:\/\/map.thegreenergood.fr\/\",\"sameAs\":[\"https:\/\/www.facebook.com\/thegreenergoodFR\/\",\"https:\/\/www.instagram.com\/the_greener_good\/\",\"https:\/\/www.youtube.com\/channel\/UCHW2zAiIK5dMOJKqBSv3G4A\",\"https:\/\/twitter.com\/TheGreenerGoodF\"],\"logo\":{\"@type\":\"ImageObject\",\"@id\":\"https:\/\/map.thegreenergood.fr\/#logo\",\"inLanguage\":\"fr-FR\",\"url\":\"\",\"caption\":\"The Greener Good\"},\"image\":{\"@id\":\"https:\/\/map.thegreenergood.fr\/#logo\"}},{\"@type\":\"WebSite\",\"@id\":\"https:\/\/map.thegreenergood.fr\/#website\",\"url\":\"https:\/\/map.thegreenergood.fr\/\",\"name\":\"Guide Greener\",\"description\":\"Adresses \\u00e9coresponsables du Grand Lyon\",\"publisher\":{\"@id\":\"https:\/\/map.thegreenergood.fr\/#organization\"},\"potentialAction\":[{\"@type\":\"SearchAction\",\"target\":\"https:\/\/map.thegreenergood.fr\/?s={search_term_string}\",\"query-input\":\"required name=search_term_string\"}],\"inLanguage\":\"fr-FR\"},{\"@type\":\"WebPage\",\"@id\":\"https:\/\/map.thegreenergood.fr\/index.php\/acteurs\/faire-part-green\/#webpage\",\"url\":\"https:\/\/map.thegreenergood.fr\/index.php\/acteurs\/faire-part-green\/\",\"name\":\"Faire-part green - Faire-part \\u00e9cologiques - The Greener Map\",\"isPartOf\":{\"@id\":\"https:\/\/map.thegreenergood.fr\/#website\"},\"datePublished\":\"2024-03-14T09:11:10+00:00\",\"dateModified\":\"2024-05-22T20:45:02+00:00\",\"description\":\"Faire-part green vous propose un accompagnement personnalis\\u00e9 dans la cr\\u00e9ation de votre papeterie responsable, pour vos heureux \\u00e9v\\u00e9nements.\",\"inLanguage\":\"fr-FR\",\"potentialAction\":[{\"@type\":\"ReadAction\",\"target\":[\"https:\/\/map.thegreenergood.fr\/index.php\/acteurs\/faire-part-green\/\"]}]}]}<\/script>\n<!-- \/ Yoast SEO plugin. -->","jetpack_sharing_enabled":true,"_links":{"self":[{"href":"https:\/\/map.thegreenergood.fr\/index.php\/wp-json\/wp\/v2\/job-listings\/24861"}],"collection":[{"href":"https:\/\/map.thegreenergood.fr\/index.php\/wp-json\/wp\/v2\/job-listings"}],"about":[{"href":"https:\/\/map.thegreenergood.fr\/index.php\/wp-json\/wp\/v2\/types\/job_listing"}],"replies":[{"embeddable":true,"href":"https:\/\/map.thegreenergood.fr\/index.php\/wp-json\/wp\/v2\/comments?post=24861"}],"wp:attachment":[{"href":"https:\/\/map.thegreenergood.fr\/index.php\/wp-json\/wp\/v2\/media?parent=24861"}],"wp:term":[{"taxonomy":"job_listing_region","embeddable":true,"href":"https:\/\/map.thegreenergood.fr\/index.php\/wp-json\/wp\/v2\/job_listing_region?post=24861"},{"taxonomy":"job_listing_category","embeddable":true,"href":"https:\/\/map.thegreenergood.fr\/index.php\/wp-json\/wp\/v2\/job-categories?post=24861"},{"taxonomy":"job_listing_type","embeddable":true,"href":"https:\/\/map.thegreenergood.fr\/index.php\/wp-json\/wp\/v2\/job-types?post=24861"},{"taxonomy":"job_listing_tag","embeddable":true,"href":"https:\/\/map.thegreenergood.fr\/index.php\/wp-json\/wp\/v2\/job_listing_tag?post=24861"}],"curies":[{"name":"wp","href":"https:\/\/api.w.org\/{rel}","templated":true}]}}