{"id":25010,"date":"2024-05-17T09:47:02","date_gmt":"2024-05-17T07:47:02","guid":{"rendered":"https:\/\/map.thegreenergood.fr\/?post_type=job_listing&#038;p=25010"},"modified":"2024-09-03T23:16:54","modified_gmt":"2024-09-03T21:16:54","slug":"la-mesa-maison-engagee-et-solidaire-de-lalimentation","status":"publish","type":"job_listing","link":"https:\/\/map.thegreenergood.fr\/index.php\/acteurs\/la-mesa-maison-engagee-et-solidaire-de-lalimentation\/","title":{"rendered":"La MESA (Maison Engag\u00e9e et Solidaire de l&rsquo;Alimentation)"},"content":{"rendered":"<p>La MESA est un tiers-lieu alimentaire port\u00e9 par deux associations qui luttent depuis plusieurs ann\u00e9es sur les injustices alimentaires : <strong>VRAC Lyon M\u00e9tropole<\/strong> et <strong>R\u00e9cup&amp;Gamelles<\/strong>.<\/p>\n<p><strong>L&rsquo;objectif du lieu<\/strong> : rendre accessible une alimentation de qualit\u00e9 pour toutes et tous. Cela gr\u00e2ce \u00e0 une diversit\u00e9 d&rsquo;activit\u00e9s et un syst\u00e8me de triple tarification, permettant d&rsquo;adapter les prix \u00e0 chaque situation.<\/p>\n<p><strong>Les activit\u00e9s<\/strong> : restaurant et \u00e9picerie bio, animations, lien social, caf\u00e9t\u00e9ria&#8230;<\/p>\n<p><strong>Le petit plus<\/strong> : le lieu fonctionne avec ses adh\u00e9rent.es, tout le monde peut s&rsquo;y impliquer ! Dans la prise de d\u00e9cision, en cuisinant pour le restaurant; en nous aidant \u00e0 tenir l&rsquo;\u00e9picerie; en proposant des animations, etc.<\/p>\n","protected":false},"featured_media":0,"comment_status":"open","ping_status":"closed","template":"","meta":{"_exactmetrics_skip_tracking":false,"_exactmetrics_sitenote_active":false,"_exactmetrics_sitenote_note":"","_exactmetrics_sitenote_category":0,"spay_email":"","_company_tagline":"","_job_location":"83 avenue Paul Santy, 69008 Lyon","_company_website":"","_company_twitter":"","_filled":0,"_featured":0,"jetpack_publicize_message":"","jetpack_is_tweetstorm":false,"jetpack_publicize_feature_enabled":true},"job_listing_region":[127,96,111],"job-categories":[46,162,122,60],"job-types":[],"job_listing_tag":[87,100,177,89,92],"jetpack_publicize_connections":[],"yoast_head":"<!-- This site is optimized with the Yoast SEO plugin v14.4.1 - https:\/\/yoast.com\/wordpress\/plugins\/seo\/ -->\n<title>La MESA-Maison Engag\u00e9e et Solidaire de l&#039;Alimentation-The Greener Map<\/title>\n<meta name=\"description\" content=\"La MESA est un tiers-lieu alimentaire port\u00e9 par deux associations qui luttent contre les injustices alimentaires : VRAC Lyon M\u00e9tropole et R\u00e9cup&amp;Gamelles.\" \/>\n<meta name=\"robots\" content=\"index, follow\" \/>\n<meta name=\"googlebot\" content=\"index, follow, max-snippet:-1, max-image-preview:large, max-video-preview:-1\" \/>\n<meta name=\"bingbot\" content=\"index, follow, max-snippet:-1, max-image-preview:large, max-video-preview:-1\" \/>\n<link rel=\"canonical\" href=\"https:\/\/map.thegreenergood.fr\/index.php\/acteurs\/la-mesa-maison-engagee-et-solidaire-de-lalimentation\/\" \/>\n<meta property=\"og:locale\" content=\"fr_FR\" \/>\n<meta property=\"og:type\" content=\"article\" \/>\n<meta property=\"og:title\" content=\"La MESA-Maison Engag\u00e9e et Solidaire de l&#039;Alimentation-The Greener Map\" \/>\n<meta property=\"og:description\" content=\"La MESA est un tiers-lieu alimentaire port\u00e9 par deux associations qui luttent contre les injustices alimentaires : VRAC Lyon M\u00e9tropole et R\u00e9cup&amp;Gamelles.\" \/>\n<meta property=\"og:url\" content=\"https:\/\/map.thegreenergood.fr\/index.php\/acteurs\/la-mesa-maison-engagee-et-solidaire-de-lalimentation\/\" \/>\n<meta property=\"og:site_name\" content=\"The Greener Map\" \/>\n<meta property=\"article:publisher\" content=\"https:\/\/www.facebook.com\/thegreenergoodFR\/\" \/>\n<meta property=\"article:modified_time\" content=\"2024-09-03T21:16:54+00:00\" \/>\n<meta property=\"og:image\" content=\"https:\/\/map.thegreenergood.fr\/wp-content\/uploads\/job-manager-uploads\/main_image\/2024\/05\/Mesa_7-1.jpg\" \/>\n<meta name=\"twitter:card\" content=\"summary_large_image\" \/>\n<meta name=\"twitter:image\" content=\"https:\/\/map.thegreenergood.fr\/wp-content\/uploads\/job-manager-uploads\/main_image\/2024\/05\/Mesa_7-1.jpg\" \/>\n<meta name=\"twitter:creator\" content=\"@TheGreenerGoodF\" \/>\n<meta name=\"twitter:site\" content=\"@TheGreenerGoodF\" \/>\n<script type=\"application\/ld+json\" class=\"yoast-schema-graph\">{\"@context\":\"https:\/\/schema.org\",\"@graph\":[{\"@type\":\"Organization\",\"@id\":\"https:\/\/map.thegreenergood.fr\/#organization\",\"name\":\"The Greener Good\",\"url\":\"https:\/\/map.thegreenergood.fr\/\",\"sameAs\":[\"https:\/\/www.facebook.com\/thegreenergoodFR\/\",\"https:\/\/www.instagram.com\/the_greener_good\/\",\"https:\/\/www.youtube.com\/channel\/UCHW2zAiIK5dMOJKqBSv3G4A\",\"https:\/\/twitter.com\/TheGreenerGoodF\"],\"logo\":{\"@type\":\"ImageObject\",\"@id\":\"https:\/\/map.thegreenergood.fr\/#logo\",\"inLanguage\":\"fr-FR\",\"url\":\"\",\"caption\":\"The Greener Good\"},\"image\":{\"@id\":\"https:\/\/map.thegreenergood.fr\/#logo\"}},{\"@type\":\"WebSite\",\"@id\":\"https:\/\/map.thegreenergood.fr\/#website\",\"url\":\"https:\/\/map.thegreenergood.fr\/\",\"name\":\"Guide Greener\",\"description\":\"Adresses \\u00e9coresponsables du Grand Lyon\",\"publisher\":{\"@id\":\"https:\/\/map.thegreenergood.fr\/#organization\"},\"potentialAction\":[{\"@type\":\"SearchAction\",\"target\":\"https:\/\/map.thegreenergood.fr\/?s={search_term_string}\",\"query-input\":\"required name=search_term_string\"}],\"inLanguage\":\"fr-FR\"},{\"@type\":\"WebPage\",\"@id\":\"https:\/\/map.thegreenergood.fr\/index.php\/acteurs\/la-mesa-maison-engagee-et-solidaire-de-lalimentation\/#webpage\",\"url\":\"https:\/\/map.thegreenergood.fr\/index.php\/acteurs\/la-mesa-maison-engagee-et-solidaire-de-lalimentation\/\",\"name\":\"La MESA-Maison Engag\\u00e9e et Solidaire de l'Alimentation-The Greener Map\",\"isPartOf\":{\"@id\":\"https:\/\/map.thegreenergood.fr\/#website\"},\"datePublished\":\"2024-05-17T07:47:02+00:00\",\"dateModified\":\"2024-09-03T21:16:54+00:00\",\"description\":\"La MESA est un tiers-lieu alimentaire port\\u00e9 par deux associations qui luttent contre les injustices alimentaires : VRAC Lyon M\\u00e9tropole et R\\u00e9cup&Gamelles.\",\"inLanguage\":\"fr-FR\",\"potentialAction\":[{\"@type\":\"ReadAction\",\"target\":[\"https:\/\/map.thegreenergood.fr\/index.php\/acteurs\/la-mesa-maison-engagee-et-solidaire-de-lalimentation\/\"]}]}]}<\/script>\n<!-- \/ Yoast SEO plugin. -->","jetpack_sharing_enabled":true,"_links":{"self":[{"href":"https:\/\/map.thegreenergood.fr\/index.php\/wp-json\/wp\/v2\/job-listings\/25010"}],"collection":[{"href":"https:\/\/map.thegreenergood.fr\/index.php\/wp-json\/wp\/v2\/job-listings"}],"about":[{"href":"https:\/\/map.thegreenergood.fr\/index.php\/wp-json\/wp\/v2\/types\/job_listing"}],"replies":[{"embeddable":true,"href":"https:\/\/map.thegreenergood.fr\/index.php\/wp-json\/wp\/v2\/comments?post=25010"}],"wp:attachment":[{"href":"https:\/\/map.thegreenergood.fr\/index.php\/wp-json\/wp\/v2\/media?parent=25010"}],"wp:term":[{"taxonomy":"job_listing_region","embeddable":true,"href":"https:\/\/map.thegreenergood.fr\/index.php\/wp-json\/wp\/v2\/job_listing_region?post=25010"},{"taxonomy":"job_listing_category","embeddable":true,"href":"https:\/\/map.thegreenergood.fr\/index.php\/wp-json\/wp\/v2\/job-categories?post=25010"},{"taxonomy":"job_listing_type","embeddable":true,"href":"https:\/\/map.thegreenergood.fr\/index.php\/wp-json\/wp\/v2\/job-types?post=25010"},{"taxonomy":"job_listing_tag","embeddable":true,"href":"https:\/\/map.thegreenergood.fr\/index.php\/wp-json\/wp\/v2\/job_listing_tag?post=25010"}],"curies":[{"name":"wp","href":"https:\/\/api.w.org\/{rel}","templated":true}]}}