{"id":206,"date":"2015-10-18T08:25:43","date_gmt":"2015-10-18T08:25:43","guid":{"rendered":""},"modified":"2026-02-16T17:28:52","modified_gmt":"2026-02-16T16:28:52","slug":"front-page","status":"publish","type":"page","link":"https:\/\/map.thegreenergood.fr\/","title":{"rendered":"The Greener Map"},"content":{"rendered":"<p style=\"text-align: center;\"><a href=\"https:\/\/map.thegreenergood.fr\/index.php\/carte\/\">The Greener Map<\/a> est une carte interactive imagin\u00e9e par l&rsquo;association <a href=\"https:\/\/thegreenergood.fr\"><strong>The Greener Good<\/strong><\/a>, qui recense les <strong>adresses \u00e9coresponsables de la M\u00e9tropole de Lyon<\/strong> : alimentation, v\u00eatements et accessoires, hygi\u00e8ne et bien-\u00eatre, outils du quotidien, formation\u2026 Toutes les th\u00e9matiques durables sont abord\u00e9es !<br \/>\nLe site <strong>map.thegreenergood.fr<\/strong> permet de trouver la boutique dont vous avez besoin en 1 clic et de d\u00e9couvrir les marques et cr\u00e9ateurs locaux.<\/p>\n<p style=\"text-align: center;\">La carte est disponible sur ordinateur et smartphone avec une simple connexion internet.<\/p>\n","protected":false},"excerpt":{"rendered":"<p>Trouvez les meilleurs endroits engag\u00e9s dans une d\u00e9marche \u00e9coresponsable \u00e0 Lyon.<\/p>\n","protected":false},"author":1,"featured_media":0,"parent":0,"menu_order":0,"comment_status":"closed","ping_status":"closed","template":"page-templates\/front_page.php","meta":{"_exactmetrics_skip_tracking":false,"_exactmetrics_sitenote_active":false,"_exactmetrics_sitenote_note":"","_exactmetrics_sitenote_category":0,"spay_email":""},"yoast_head":"<!-- This site is optimized with the Yoast SEO plugin v14.4.1 - https:\/\/yoast.com\/wordpress\/plugins\/seo\/ -->\n<title>The Greener Map - Accueil - Trouvez les p\u00e9pites vertes de Lyon<\/title>\n<meta name=\"description\" content=\"The Greener Map pour consommer \u00e9coresponsable \u00e0 Lyon. Carte interactive des bonnes adresses engag\u00e9es, imagin\u00e9e par l&#039;association The Greener Good.\" \/>\n<meta name=\"robots\" content=\"index, follow\" \/>\n<meta name=\"googlebot\" content=\"index, follow, max-snippet:-1, max-image-preview:large, max-video-preview:-1\" \/>\n<meta name=\"bingbot\" content=\"index, follow, max-snippet:-1, max-image-preview:large, max-video-preview:-1\" \/>\n<link rel=\"canonical\" href=\"https:\/\/map.thegreenergood.fr\/\" \/>\n<meta property=\"og:locale\" content=\"fr_FR\" \/>\n<meta property=\"og:type\" content=\"article\" \/>\n<meta property=\"og:title\" content=\"The Greener Map - Accueil - Trouvez les p\u00e9pites vertes de Lyon\" \/>\n<meta property=\"og:description\" content=\"The Greener Map pour consommer \u00e9coresponsable \u00e0 Lyon. Carte interactive des bonnes adresses engag\u00e9es, imagin\u00e9e par l&#039;association The Greener Good.\" \/>\n<meta property=\"og:url\" content=\"https:\/\/map.thegreenergood.fr\/\" \/>\n<meta property=\"og:site_name\" content=\"The Greener Map\" \/>\n<meta property=\"article:publisher\" content=\"https:\/\/www.facebook.com\/thegreenergoodFR\/\" \/>\n<meta property=\"article:modified_time\" content=\"2026-02-16T16:28:52+00:00\" \/>\n<meta name=\"twitter:card\" content=\"summary_large_image\" \/>\n<meta name=\"twitter:creator\" content=\"@TheGreenerGoodF\" \/>\n<meta name=\"twitter:site\" content=\"@TheGreenerGoodF\" \/>\n<script type=\"application\/ld+json\" class=\"yoast-schema-graph\">{\"@context\":\"https:\/\/schema.org\",\"@graph\":[{\"@type\":\"Organization\",\"@id\":\"https:\/\/map.thegreenergood.fr\/#organization\",\"name\":\"The Greener Good\",\"url\":\"https:\/\/map.thegreenergood.fr\/\",\"sameAs\":[\"https:\/\/www.facebook.com\/thegreenergoodFR\/\",\"https:\/\/www.instagram.com\/the_greener_good\/\",\"https:\/\/www.youtube.com\/channel\/UCHW2zAiIK5dMOJKqBSv3G4A\",\"https:\/\/twitter.com\/TheGreenerGoodF\"],\"logo\":{\"@type\":\"ImageObject\",\"@id\":\"https:\/\/map.thegreenergood.fr\/#logo\",\"inLanguage\":\"fr-FR\",\"url\":\"\",\"caption\":\"The Greener Good\"},\"image\":{\"@id\":\"https:\/\/map.thegreenergood.fr\/#logo\"}},{\"@type\":\"WebSite\",\"@id\":\"https:\/\/map.thegreenergood.fr\/#website\",\"url\":\"https:\/\/map.thegreenergood.fr\/\",\"name\":\"Guide Greener\",\"description\":\"Adresses \\u00e9coresponsables du Grand Lyon\",\"publisher\":{\"@id\":\"https:\/\/map.thegreenergood.fr\/#organization\"},\"potentialAction\":[{\"@type\":\"SearchAction\",\"target\":\"https:\/\/map.thegreenergood.fr\/?s={search_term_string}\",\"query-input\":\"required name=search_term_string\"}],\"inLanguage\":\"fr-FR\"},{\"@type\":\"WebPage\",\"@id\":\"https:\/\/map.thegreenergood.fr\/#webpage\",\"url\":\"https:\/\/map.thegreenergood.fr\/\",\"name\":\"The Greener Map - Accueil - Trouvez les p\\u00e9pites vertes de Lyon\",\"isPartOf\":{\"@id\":\"https:\/\/map.thegreenergood.fr\/#website\"},\"datePublished\":\"2015-10-18T08:25:43+00:00\",\"dateModified\":\"2026-02-16T16:28:52+00:00\",\"description\":\"The Greener Map pour consommer \\u00e9coresponsable \\u00e0 Lyon. Carte interactive des bonnes adresses engag\\u00e9es, imagin\\u00e9e par l'association The Greener Good.\",\"inLanguage\":\"fr-FR\",\"potentialAction\":[{\"@type\":\"ReadAction\",\"target\":[\"https:\/\/map.thegreenergood.fr\/\"]}]}]}<\/script>\n<!-- \/ Yoast SEO plugin. -->","jetpack_sharing_enabled":true,"jetpack_shortlink":"https:\/\/wp.me\/Pa6u5w-3k","_links":{"self":[{"href":"https:\/\/map.thegreenergood.fr\/index.php\/wp-json\/wp\/v2\/pages\/206"}],"collection":[{"href":"https:\/\/map.thegreenergood.fr\/index.php\/wp-json\/wp\/v2\/pages"}],"about":[{"href":"https:\/\/map.thegreenergood.fr\/index.php\/wp-json\/wp\/v2\/types\/page"}],"author":[{"embeddable":true,"href":"https:\/\/map.thegreenergood.fr\/index.php\/wp-json\/wp\/v2\/users\/1"}],"replies":[{"embeddable":true,"href":"https:\/\/map.thegreenergood.fr\/index.php\/wp-json\/wp\/v2\/comments?post=206"}],"version-history":[{"count":37,"href":"https:\/\/map.thegreenergood.fr\/index.php\/wp-json\/wp\/v2\/pages\/206\/revisions"}],"predecessor-version":[{"id":25442,"href":"https:\/\/map.thegreenergood.fr\/index.php\/wp-json\/wp\/v2\/pages\/206\/revisions\/25442"}],"wp:attachment":[{"href":"https:\/\/map.thegreenergood.fr\/index.php\/wp-json\/wp\/v2\/media?parent=206"}],"curies":[{"name":"wp","href":"https:\/\/api.w.org\/{rel}","templated":true}]}}